{"id":4874,"date":"2023-08-24T14:30:42","date_gmt":"2023-08-24T12:30:42","guid":{"rendered":"https:\/\/www.la-bretonniere.com\/verhuur-stacaravans-vendee\/"},"modified":"2026-01-05T15:50:29","modified_gmt":"2026-01-05T14:50:29","slug":"verhuur-stacaravans-vendee","status":"publish","type":"page","link":"https:\/\/www.la-bretonniere.com\/nl\/verhuur-stacaravans-vendee\/","title":{"rendered":"Huurwoningen"},"content":{"rendered":"<section id=\"ls-section-block_96865377e737cca4cabbeeaff1f3318b\" class=\"ls-section  page-titre has-p-t p-t-3 has-p-b p-b-3\" >\r\n        <div class=\"container container--wide\">\r\n        \n\n<h1 class=\"ls__heading wp-block-heading has-text-align-center\">Mobilhome huren Vend\u00e9e in Saint-Julien-des-Landes<\/h1>\n\n\r\n    <\/div>\r\n<\/section>\n\n<section id=\"ls-section-block_a9fcb61bc18d0a4ec60a42ca2cc50b63\" class=\"ls-section  page-heberg has-p-t p-t-1 has-p-b p-b-3\" >\r\n        <div class=\"container container--wide\">\r\n        \n\n<div id=\"ls-hebergements-block_06e258166aa5e194ed13061a31ca0188\" class=\"ls-hebergements\" >\n    \n    <div class=\"ls-customizer\">\n\n    <div class=\"ls-customizer__filters\">\n        <div class=\"ls-customizer__filters__close\">\n            <i class=\"fas fa-times\"><\/i>\n        <\/div>\n\n        <div class=\"ls-customizer__filters__title\">\n            <b>Filters<\/b>\n            <span class=\"ls-customizer__filters__clear\"><i class=\"fas fa-times\"><\/i> Filters verwijderen<\/span>\n        <\/div>\n\n                \n        <!-- Filtres ACF fields -->\n        \n                                <!-- Filtre nombre_de_personnes -->\n                        <div class=\"filter\" id=\"filter-nombre_de_personnes\">\n                <div class=\"filter__title\">Maximale capaciteit<i class=\"fas fa-angle-down\"><\/i><\/div>\n                <fieldset data-filter=\"nombre_de_personnes\" data-operator=\"<=\" class=\"input\">\n                    \n                    <div><input type=\"radio\" name=\"nombre_de_personnes\" id=\"nombre_de_personnes-all\"  class=\"checkbox\" \/><label for='nombre_de_personnes-all'>Alle<\/label><\/div><div><input type=\"radio\" name=\"nombre_de_personnes\" id=\"nombre_de_personnes-4\" value=\"4\" class=\"checkbox\"  \/><label for='nombre_de_personnes-4'>Tot 4 pers.<\/label><\/div><div><input type=\"radio\" name=\"nombre_de_personnes\" id=\"nombre_de_personnes-5\" value=\"5\" class=\"checkbox\"  \/><label for='nombre_de_personnes-5'>Tot 5 pers.<\/label><\/div><div><input type=\"radio\" name=\"nombre_de_personnes\" id=\"nombre_de_personnes-6\" value=\"6\" class=\"checkbox\"  \/><label for='nombre_de_personnes-6'>Tot 6 pers.<\/label><\/div><div><input type=\"radio\" name=\"nombre_de_personnes\" id=\"nombre_de_personnes-8\" value=\"8\" class=\"checkbox\"  \/><label for='nombre_de_personnes-8'>Tot 8 pers.<\/label><\/div>                <\/fieldset>\n            <\/div>\n                                <!-- Filtre nombre_de_chambres -->\n                        <div class=\"filter\" id=\"filter-nombre_de_chambres\">\n                <div class=\"filter__title\">Aantal slaapkamers<i class=\"fas fa-angle-down\"><\/i><\/div>\n                <fieldset data-filter=\"nombre_de_chambres\" data-operator=\"==\" class=\"input\">\n                    \n                    <div><input type=\"radio\" name=\"nombre_de_chambres\" id=\"nombre_de_chambres-all\"  class=\"checkbox\" \/><label for='nombre_de_chambres-all'>Alle<\/label><\/div><div><input type=\"radio\" name=\"nombre_de_chambres\" id=\"nombre_de_chambres-2\" value=\"2\" class=\"checkbox\"  \/><label for='nombre_de_chambres-2'>2<\/label><\/div><div><input type=\"radio\" name=\"nombre_de_chambres\" id=\"nombre_de_chambres-3\" value=\"3\" class=\"checkbox\"  \/><label for='nombre_de_chambres-3'>3<\/label><\/div><div><input type=\"radio\" name=\"nombre_de_chambres\" id=\"nombre_de_chambres-4\" value=\"4\" class=\"checkbox\"  \/><label for='nombre_de_chambres-4'>4<\/label><\/div>                <\/fieldset>\n            <\/div>\n                                <!-- Filtre options-hebergements -->\n                        <div class=\"filter\" id=\"filter-options-hebergements\">\n                <div class=\"filter__title\">Options<i class=\"fas fa-angle-down\"><\/i><\/div>\n                <fieldset data-filter=\"options-hebergements\" data-operator=\"*=\" class=\"input\">\n                    \n                    <div><input type=\"checkbox\" name=\"options-hebergements\" id=\"options-hebergements-all\"  class=\"checkbox\" \/><label for='options-hebergements-all'>Alle<\/label><\/div><div><input type=\"checkbox\" name=\"options-hebergements\" id=\"options-hebergements-animaux-autorises\" value=\"animaux-autorises\" class=\"checkbox\"  \/><label for='options-hebergements-animaux-autorises'>Huisdieren toegestaan<\/label><\/div><div><input type=\"checkbox\" name=\"options-hebergements\" id=\"options-hebergements-barbecue\" value=\"barbecue\" class=\"checkbox\"  \/><label for='options-hebergements-barbecue'>Barbecue<\/label><\/div><div><input type=\"checkbox\" name=\"options-hebergements\" id=\"options-hebergements-chauffage\" value=\"chauffage\" class=\"checkbox\"  \/><label for='options-hebergements-chauffage'>Verwarming<\/label><\/div><div><input type=\"checkbox\" name=\"options-hebergements\" id=\"options-hebergements-congelateur\" value=\"congelateur\" class=\"checkbox\"  \/><label for='options-hebergements-congelateur'>Diepvries<\/label><\/div><div><input type=\"checkbox\" name=\"options-hebergements\" id=\"options-hebergements-lave-vaisselle\" value=\"lave-vaisselle\" class=\"checkbox\"  \/><label for='options-hebergements-lave-vaisselle'>Vaatwasser<\/label><\/div><div><input type=\"checkbox\" name=\"options-hebergements\" id=\"options-hebergements-micro-ondes\" value=\"micro-ondes\" class=\"checkbox\"  \/><label for='options-hebergements-micro-ondes'>Magnetron<\/label><\/div><div><input type=\"checkbox\" name=\"options-hebergements\" id=\"options-hebergements-pmr\" value=\"pmr\" class=\"checkbox\"  \/><label for='options-hebergements-pmr'>Mensen met beperkte mobiliteit<\/label><\/div><div><input type=\"checkbox\" name=\"options-hebergements\" id=\"options-hebergements-parking-1-place\" value=\"parking-1-place\" class=\"checkbox\"  \/><label for='options-hebergements-parking-1-place'>1 parkeerplaats<\/label><\/div><div><input type=\"checkbox\" name=\"options-hebergements\" id=\"options-hebergements-parking-2-places\" value=\"parking-2-places\" class=\"checkbox\"  \/><label for='options-hebergements-parking-2-places'>Parkeren 2 plaatsen<\/label><\/div><div><input type=\"checkbox\" name=\"options-hebergements\" id=\"options-hebergements-refrigerateur\" value=\"refrigerateur\" class=\"checkbox\"  \/><label for='options-hebergements-refrigerateur'>Koelkast<\/label><\/div><div><input type=\"checkbox\" name=\"options-hebergements\" id=\"options-hebergements-salle-de-bain\" value=\"salle-de-bain\" class=\"checkbox\"  \/><label for='options-hebergements-salle-de-bain'>Badkamer<\/label><\/div><div><input type=\"checkbox\" name=\"options-hebergements\" id=\"options-hebergements-terrasse\" value=\"terrasse\" class=\"checkbox\"  \/><label for='options-hebergements-terrasse'>Terras<\/label><\/div><div><input type=\"checkbox\" name=\"options-hebergements\" id=\"options-hebergements-television\" value=\"television\" class=\"checkbox\"  \/><label for='options-hebergements-television'>Televisie<\/label><\/div><div><input type=\"checkbox\" name=\"options-hebergements\" id=\"options-hebergements-vue\" value=\"vue\" class=\"checkbox\"  \/><label for='options-hebergements-vue'>Bekijk<\/label><\/div><div><input type=\"checkbox\" name=\"options-hebergements\" id=\"options-hebergements-electricite\" value=\"electricite\" class=\"checkbox\"  \/><label for='options-hebergements-electricite'>Elektriciteit<\/label><\/div>                <\/fieldset>\n            <\/div>\n        \n        \n    <\/div>\n\n    <div class=\"ls-customizer__orders\">\n        <i class=\"fas fa-sort\"><\/i>\n        <select class=\"select-order\">\n            <option selected value=\"\">Sorteren op<\/option>\n            <option value=\"price-asc\">Stijgende prijs<\/option>\n            <option value=\"price-desc\">Prijs dalend<\/option>\n        <\/select>\n    <\/div>\n\n<\/div><div class=\"ls-hebergements__results\" data-row=\"3\" data-campings=\"false\" data-types=\"[26]\"><div class=\"ls-hebergement\" data-postid='6070' data-id-reservation='36' data-id-site='456' data-id1='79807' data-nombre_de_personnes='5' data-nombre_de_chambres='2' data-last-update='2025-10-31 12:16:19' data-type='insolite-fr location-fr' data-options-hebergements='animaux-autorises congelateur electricite micro-ondes parking-1-place refrigerateur terrasse'>\n\t<div class=\"ls-hebergement__thumb\">\n\t\t\t\t\t<a href=\"https:\/\/www.la-bretonniere.com\/nl\/accommodaties\/tente-wood-5pers-premium\/#primary\" rel=\"noopener\" target=\"_blank\">\n\t\t\t\t<img decoding=\"async\" src=\"https:\/\/www.la-bretonniere.com\/wp-content\/uploads\/2024\/03\/pict_36_1.jpg\" alt=\"Tente Wood 5pers (Premium)\" \/>\n\t\t\t<\/a>\n\t\t\t\t\t<a href=\"https:\/\/www.la-bretonniere.com\/nl\/accommodaties\/tente-wood-5pers-premium\/#primary\" rel=\"noopener\" target=\"_blank\">\n\t\t\t\t<img decoding=\"async\" src=\"https:\/\/www.la-bretonniere.com\/wp-content\/uploads\/2024\/03\/pict_36_2.jpg\" alt=\"Tente Wood 5pers (Premium)\" \/>\n\t\t\t<\/a>\n\t\t\t\t\t<a href=\"https:\/\/www.la-bretonniere.com\/nl\/accommodaties\/tente-wood-5pers-premium\/#primary\" rel=\"noopener\" target=\"_blank\">\n\t\t\t\t<img decoding=\"async\" src=\"https:\/\/www.la-bretonniere.com\/wp-content\/uploads\/2024\/03\/pict_36_3.jpg\" alt=\"Tente Wood 5pers (Premium)\" \/>\n\t\t\t<\/a>\n\t\t\t\t\t<a href=\"https:\/\/www.la-bretonniere.com\/nl\/accommodaties\/tente-wood-5pers-premium\/#primary\" rel=\"noopener\" target=\"_blank\">\n\t\t\t\t<img decoding=\"async\" src=\"https:\/\/www.la-bretonniere.com\/wp-content\/uploads\/2024\/03\/pict_36_4.jpg\" alt=\"Tente Wood 5pers (Premium)\" \/>\n\t\t\t<\/a>\n\t\t\t\t\t<a href=\"https:\/\/www.la-bretonniere.com\/nl\/accommodaties\/tente-wood-5pers-premium\/#primary\" rel=\"noopener\" target=\"_blank\">\n\t\t\t\t<img decoding=\"async\" src=\"https:\/\/www.la-bretonniere.com\/wp-content\/uploads\/2024\/03\/pict_36_5.jpg\" alt=\"Tente Wood 5pers (Premium)\" \/>\n\t\t\t<\/a>\n\t\t\t\t\t<a href=\"https:\/\/www.la-bretonniere.com\/nl\/accommodaties\/tente-wood-5pers-premium\/#primary\" rel=\"noopener\" target=\"_blank\">\n\t\t\t\t<img decoding=\"async\" src=\"https:\/\/www.la-bretonniere.com\/wp-content\/uploads\/2024\/03\/pict_36_6.jpg\" alt=\"Tente Wood 5pers (Premium)\" \/>\n\t\t\t<\/a>\n\t\t\t\t\t<a href=\"https:\/\/www.la-bretonniere.com\/nl\/accommodaties\/tente-wood-5pers-premium\/#primary\" rel=\"noopener\" target=\"_blank\">\n\t\t\t\t<img decoding=\"async\" src=\"https:\/\/www.la-bretonniere.com\/wp-content\/uploads\/2024\/03\/pict_36_7.jpg\" alt=\"Tente Wood 5pers (Premium)\" \/>\n\t\t\t<\/a>\n\t\t\t<\/div>\n\n\n\t<div class=\"ls-hebergement__content\">\n\t\t<a href=\"https:\/\/www.la-bretonniere.com\/nl\/accommodaties\/tente-wood-5pers-premium\/#primary\" rel=\"noopener\" target=\"_blank\" class=\"ls-hebergement__link\">\n\t\t\t<div class=\"ls-hebergement__details\">\n\t\t\t\t<div class=\"ls-hebergement__title\">\n\t\t\t\t\tTente Wood 5pers (Premium)\t\t\t\t<\/div>\n\n\t\t\t\t<div class=\"ls-hebergement__infos\">\n\t\t\t\t\t\t\t\t\t\t\t<span class=\"ls-hebergement__detail\">30m\u00b2<\/span>\n\t\t\t\t\t\t\t\t\t\t\t\t\t\t<\/div>\n\n\t\t\t\t<div class=\"ls-hebergement__options\"><span class=\"bretonniere-patte\"><\/span> Huisdieren toegestaan<\/div>\t\t\t<\/div>\n\n\t\t\t\t\t\t\t<div class=\"ls-hebergement__icon\">\n\t\t\t\t\t<i class=\"bretonniere-profile\"><\/i>\n\t\t\t\t\t5\t\t\t\t<\/div>\n\t\t\t\t<\/div>\n\n\t<div class=\"ls-hebergement__disponibilites\">\n\t\tOntdek\t<\/div>\n\t<\/a>\n<\/div><div class=\"ls-hebergement\" data-postid='6054' data-id-reservation='35' data-id-site='456' data-id1='79807' data-nombre_de_personnes='4' data-nombre_de_chambres='2' data-last-update='2025-10-31 12:16:19' data-type='insolite-fr location-fr' data-options-hebergements='animaux-autorises electricite micro-ondes parking-1-place refrigerateur terrasse'>\n\t<div class=\"ls-hebergement__thumb\">\n\t\t\t\t\t<a href=\"https:\/\/www.la-bretonniere.com\/nl\/accommodaties\/tente-zen-4pers-eden\/#primary\" rel=\"noopener\" target=\"_blank\">\n\t\t\t\t<img decoding=\"async\" src=\"https:\/\/www.la-bretonniere.com\/wp-content\/uploads\/2024\/04\/pict_35_1.jpg\" alt=\"Tente Zen 4pers (Eden)\" \/>\n\t\t\t<\/a>\n\t\t\t\t\t<a href=\"https:\/\/www.la-bretonniere.com\/nl\/accommodaties\/tente-zen-4pers-eden\/#primary\" rel=\"noopener\" target=\"_blank\">\n\t\t\t\t<img decoding=\"async\" src=\"https:\/\/www.la-bretonniere.com\/wp-content\/uploads\/2024\/04\/pict_35_2.jpg\" alt=\"Tente Zen 4pers (Eden)\" \/>\n\t\t\t<\/a>\n\t\t\t\t\t<a href=\"https:\/\/www.la-bretonniere.com\/nl\/accommodaties\/tente-zen-4pers-eden\/#primary\" rel=\"noopener\" target=\"_blank\">\n\t\t\t\t<img decoding=\"async\" src=\"https:\/\/www.la-bretonniere.com\/wp-content\/uploads\/2024\/04\/pict_35_3.jpg\" alt=\"Tente Zen 4pers (Eden)\" \/>\n\t\t\t<\/a>\n\t\t\t\t\t<a href=\"https:\/\/www.la-bretonniere.com\/nl\/accommodaties\/tente-zen-4pers-eden\/#primary\" rel=\"noopener\" target=\"_blank\">\n\t\t\t\t<img decoding=\"async\" src=\"https:\/\/www.la-bretonniere.com\/wp-content\/uploads\/2024\/03\/pict_35_4.jpg\" alt=\"Tente Zen 4pers (Eden)\" \/>\n\t\t\t<\/a>\n\t\t\t\t\t<a href=\"https:\/\/www.la-bretonniere.com\/nl\/accommodaties\/tente-zen-4pers-eden\/#primary\" rel=\"noopener\" target=\"_blank\">\n\t\t\t\t<img decoding=\"async\" src=\"https:\/\/www.la-bretonniere.com\/wp-content\/uploads\/2024\/03\/pict_35_5.jpg\" alt=\"Tente Zen 4pers (Eden)\" \/>\n\t\t\t<\/a>\n\t\t\t\t\t<a href=\"https:\/\/www.la-bretonniere.com\/nl\/accommodaties\/tente-zen-4pers-eden\/#primary\" rel=\"noopener\" target=\"_blank\">\n\t\t\t\t<img decoding=\"async\" src=\"https:\/\/www.la-bretonniere.com\/wp-content\/uploads\/2024\/03\/pict_35_6.jpg\" alt=\"Tente Zen 4pers (Eden)\" \/>\n\t\t\t<\/a>\n\t\t\t\t\t<a href=\"https:\/\/www.la-bretonniere.com\/nl\/accommodaties\/tente-zen-4pers-eden\/#primary\" rel=\"noopener\" target=\"_blank\">\n\t\t\t\t<img decoding=\"async\" src=\"https:\/\/www.la-bretonniere.com\/wp-content\/uploads\/2024\/03\/pict_35_7.jpg\" alt=\"Tente Zen 4pers (Eden)\" \/>\n\t\t\t<\/a>\n\t\t\t<\/div>\n\n\n\t<div class=\"ls-hebergement__content\">\n\t\t<a href=\"https:\/\/www.la-bretonniere.com\/nl\/accommodaties\/tente-zen-4pers-eden\/#primary\" rel=\"noopener\" target=\"_blank\" class=\"ls-hebergement__link\">\n\t\t\t<div class=\"ls-hebergement__details\">\n\t\t\t\t<div class=\"ls-hebergement__title\">\n\t\t\t\t\tTente Zen 4pers (Eden)\t\t\t\t<\/div>\n\n\t\t\t\t<div class=\"ls-hebergement__infos\">\n\t\t\t\t\t\t\t\t\t\t\t<span class=\"ls-hebergement__detail\">16m\u00b2<\/span>\n\t\t\t\t\t\t\t\t\t\t\t\t\t\t<\/div>\n\n\t\t\t\t<div class=\"ls-hebergement__options\"><span class=\"bretonniere-patte\"><\/span> Huisdieren toegestaan<\/div>\t\t\t<\/div>\n\n\t\t\t\t\t\t\t<div class=\"ls-hebergement__icon\">\n\t\t\t\t\t<i class=\"bretonniere-profile\"><\/i>\n\t\t\t\t\t4\t\t\t\t<\/div>\n\t\t\t\t<\/div>\n\n\t<div class=\"ls-hebergement__disponibilites\">\n\t\tOntdek\t<\/div>\n\t<\/a>\n<\/div><div class=\"ls-hebergement\" data-postid='928' data-id-reservation='12' data-id-site='456' data-id1='79807' data-nombre_de_personnes='8' data-nombre_de_chambres='4' data-last-update='2025-10-31 12:16:14' data-type='location-fr mobil-home-fr' data-options-hebergements='barbecue chauffage congelateur electricite lave-vaisselle micro-ondes parking-2-places refrigerateur salle-de-bain television terrasse'>\n\t<div class=\"ls-hebergement__thumb\">\n\t\t\t\t\t<a href=\"https:\/\/www.la-bretonniere.com\/nl\/accommodaties\/mobil-family-8pers-premium\/#primary\" rel=\"noopener\" target=\"_blank\">\n\t\t\t\t<img decoding=\"async\" src=\"https:\/\/www.la-bretonniere.com\/wp-content\/uploads\/2024\/06\/pict_12_1.jpg\" alt=\"Mobil Family 8pers  (VIP)\" \/>\n\t\t\t<\/a>\n\t\t\t\t\t<a href=\"https:\/\/www.la-bretonniere.com\/nl\/accommodaties\/mobil-family-8pers-premium\/#primary\" rel=\"noopener\" target=\"_blank\">\n\t\t\t\t<img decoding=\"async\" src=\"https:\/\/www.la-bretonniere.com\/wp-content\/uploads\/2024\/06\/pict_12_2.jpg\" alt=\"Mobil Family 8pers  (VIP)\" \/>\n\t\t\t<\/a>\n\t\t\t\t\t<a href=\"https:\/\/www.la-bretonniere.com\/nl\/accommodaties\/mobil-family-8pers-premium\/#primary\" rel=\"noopener\" target=\"_blank\">\n\t\t\t\t<img decoding=\"async\" src=\"https:\/\/www.la-bretonniere.com\/wp-content\/uploads\/2024\/06\/pict_12_3.jpg\" alt=\"Mobil Family 8pers  (VIP)\" \/>\n\t\t\t<\/a>\n\t\t\t\t\t<a href=\"https:\/\/www.la-bretonniere.com\/nl\/accommodaties\/mobil-family-8pers-premium\/#primary\" rel=\"noopener\" target=\"_blank\">\n\t\t\t\t<img decoding=\"async\" src=\"https:\/\/www.la-bretonniere.com\/wp-content\/uploads\/2024\/06\/pict_12_4.jpg\" alt=\"Mobil Family 8pers  (VIP)\" \/>\n\t\t\t<\/a>\n\t\t\t\t\t<a href=\"https:\/\/www.la-bretonniere.com\/nl\/accommodaties\/mobil-family-8pers-premium\/#primary\" rel=\"noopener\" target=\"_blank\">\n\t\t\t\t<img decoding=\"async\" src=\"https:\/\/www.la-bretonniere.com\/wp-content\/uploads\/2024\/06\/pict_12_5.jpg\" alt=\"Mobil Family 8pers  (VIP)\" \/>\n\t\t\t<\/a>\n\t\t\t\t\t<a href=\"https:\/\/www.la-bretonniere.com\/nl\/accommodaties\/mobil-family-8pers-premium\/#primary\" rel=\"noopener\" target=\"_blank\">\n\t\t\t\t<img decoding=\"async\" src=\"https:\/\/www.la-bretonniere.com\/wp-content\/uploads\/2024\/06\/pict_12_6.jpg\" alt=\"Mobil Family 8pers  (VIP)\" \/>\n\t\t\t<\/a>\n\t\t\t\t\t<a href=\"https:\/\/www.la-bretonniere.com\/nl\/accommodaties\/mobil-family-8pers-premium\/#primary\" rel=\"noopener\" target=\"_blank\">\n\t\t\t\t<img decoding=\"async\" src=\"https:\/\/www.la-bretonniere.com\/wp-content\/uploads\/2023\/06\/pict_12_7.jpg\" alt=\"Mobil Family 8pers  (VIP)\" \/>\n\t\t\t<\/a>\n\t\t\t<\/div>\n\n\n\t<div class=\"ls-hebergement__content\">\n\t\t<a href=\"https:\/\/www.la-bretonniere.com\/nl\/accommodaties\/mobil-family-8pers-premium\/#primary\" rel=\"noopener\" target=\"_blank\" class=\"ls-hebergement__link\">\n\t\t\t<div class=\"ls-hebergement__details\">\n\t\t\t\t<div class=\"ls-hebergement__title\">\n\t\t\t\t\tMobil Family 8pers  (VIP)\t\t\t\t<\/div>\n\n\t\t\t\t<div class=\"ls-hebergement__infos\">\n\t\t\t\t\t\t\t\t\t\t\t<span class=\"ls-hebergement__detail\">40m\u00b2<\/span>\n\t\t\t\t\t\t\t\t\t\t\t\t\t\t\t\t<span class=\"ls-hebergement__detail\">, 2 badkamer<\/span>\n\t\t\t\t\t\t\t\t\t<\/div>\n\n\t\t\t\t\t\t\t<\/div>\n\n\t\t\t\t\t\t\t<div class=\"ls-hebergement__icon\">\n\t\t\t\t\t<i class=\"bretonniere-profile\"><\/i>\n\t\t\t\t\t8\t\t\t\t<\/div>\n\t\t\t\t<\/div>\n\n\t<div class=\"ls-hebergement__disponibilites\">\n\t\tOntdek\t<\/div>\n\t<\/a>\n<\/div><div class=\"ls-hebergement\" data-postid='917' data-id-reservation='31' data-id-site='456' data-id1='79807' data-nombre_de_personnes='5' data-nombre_de_chambres='2' data-last-update='2025-10-31 12:16:19' data-type='chalet-fr location-fr' data-options-hebergements='chauffage congelateur electricite micro-ondes parking-1-place refrigerateur salle-de-bain television terrasse'>\n\t<div class=\"ls-hebergement__thumb\">\n\t\t\t\t\t<a href=\"https:\/\/www.la-bretonniere.com\/nl\/accommodaties\/chalet-prestige-4-6pers-28m%c2%b2-premium\/#primary\" rel=\"noopener\" target=\"_blank\">\n\t\t\t\t<img decoding=\"async\" src=\"https:\/\/www.la-bretonniere.com\/wp-content\/uploads\/2023\/06\/pict_31_1.jpg\" alt=\"Chalet Prestige 4-5pers 28m\u00b2 (Premium)\" \/>\n\t\t\t<\/a>\n\t\t\t\t\t<a href=\"https:\/\/www.la-bretonniere.com\/nl\/accommodaties\/chalet-prestige-4-6pers-28m%c2%b2-premium\/#primary\" rel=\"noopener\" target=\"_blank\">\n\t\t\t\t<img decoding=\"async\" src=\"https:\/\/www.la-bretonniere.com\/wp-content\/uploads\/2023\/06\/pict_31_2.jpg\" alt=\"Chalet Prestige 4-5pers 28m\u00b2 (Premium)\" \/>\n\t\t\t<\/a>\n\t\t\t\t\t<a href=\"https:\/\/www.la-bretonniere.com\/nl\/accommodaties\/chalet-prestige-4-6pers-28m%c2%b2-premium\/#primary\" rel=\"noopener\" target=\"_blank\">\n\t\t\t\t<img decoding=\"async\" src=\"https:\/\/www.la-bretonniere.com\/wp-content\/uploads\/2023\/06\/pict_31_3.jpg\" alt=\"Chalet Prestige 4-5pers 28m\u00b2 (Premium)\" \/>\n\t\t\t<\/a>\n\t\t\t<\/div>\n\n\n\t<div class=\"ls-hebergement__content\">\n\t\t<a href=\"https:\/\/www.la-bretonniere.com\/nl\/accommodaties\/chalet-prestige-4-6pers-28m%c2%b2-premium\/#primary\" rel=\"noopener\" target=\"_blank\" class=\"ls-hebergement__link\">\n\t\t\t<div class=\"ls-hebergement__details\">\n\t\t\t\t<div class=\"ls-hebergement__title\">\n\t\t\t\t\tChalet Prestige 4-5pers 28m\u00b2 (Premium)\t\t\t\t<\/div>\n\n\t\t\t\t<div class=\"ls-hebergement__infos\">\n\t\t\t\t\t\t\t\t\t\t\t<span class=\"ls-hebergement__detail\">28m\u00b2<\/span>\n\t\t\t\t\t\t\t\t\t\t\t\t\t\t\t\t<span class=\"ls-hebergement__detail\">, 1 badkamer<\/span>\n\t\t\t\t\t\t\t\t\t<\/div>\n\n\t\t\t\t\t\t\t<\/div>\n\n\t\t\t\t\t\t\t<div class=\"ls-hebergement__icon\">\n\t\t\t\t\t<i class=\"bretonniere-profile\"><\/i>\n\t\t\t\t\t5\t\t\t\t<\/div>\n\t\t\t\t<\/div>\n\n\t<div class=\"ls-hebergement__disponibilites\">\n\t\tOntdek\t<\/div>\n\t<\/a>\n<\/div><div class=\"ls-hebergement\" data-postid='918' data-id-reservation='13' data-id-site='456' data-id1='79807' data-nombre_de_personnes='5' data-nombre_de_chambres='2' data-last-update='2025-10-31 12:16:14' data-type='chalet-fr location-fr' data-options-hebergements='chauffage congelateur electricite micro-ondes parking-1-place refrigerateur salle-de-bain television terrasse'>\n\t<div class=\"ls-hebergement__thumb\">\n\t\t\t\t\t<a href=\"https:\/\/www.la-bretonniere.com\/nl\/accommodaties\/chalet-prestige-4-6pers-24m%c2%b2-premium\/#primary\" rel=\"noopener\" target=\"_blank\">\n\t\t\t\t<img decoding=\"async\" src=\"https:\/\/www.la-bretonniere.com\/wp-content\/uploads\/2023\/06\/pict_13_1.jpg\" alt=\"Chalet Prestige 4-5pers 24m\u00b2 (Premium)\" \/>\n\t\t\t<\/a>\n\t\t\t\t\t<a href=\"https:\/\/www.la-bretonniere.com\/nl\/accommodaties\/chalet-prestige-4-6pers-24m%c2%b2-premium\/#primary\" rel=\"noopener\" target=\"_blank\">\n\t\t\t\t<img decoding=\"async\" src=\"https:\/\/www.la-bretonniere.com\/wp-content\/uploads\/2023\/06\/pict_13_2.jpg\" alt=\"Chalet Prestige 4-5pers 24m\u00b2 (Premium)\" \/>\n\t\t\t<\/a>\n\t\t\t\t\t<a href=\"https:\/\/www.la-bretonniere.com\/nl\/accommodaties\/chalet-prestige-4-6pers-24m%c2%b2-premium\/#primary\" rel=\"noopener\" target=\"_blank\">\n\t\t\t\t<img decoding=\"async\" src=\"https:\/\/www.la-bretonniere.com\/wp-content\/uploads\/2024\/06\/pict_13_3.jpg\" alt=\"Chalet Prestige 4-5pers 24m\u00b2 (Premium)\" \/>\n\t\t\t<\/a>\n\t\t\t\t\t<a href=\"https:\/\/www.la-bretonniere.com\/nl\/accommodaties\/chalet-prestige-4-6pers-24m%c2%b2-premium\/#primary\" rel=\"noopener\" target=\"_blank\">\n\t\t\t\t<img decoding=\"async\" src=\"https:\/\/www.la-bretonniere.com\/wp-content\/uploads\/2024\/06\/pict_13_4.jpg\" alt=\"Chalet Prestige 4-5pers 24m\u00b2 (Premium)\" \/>\n\t\t\t<\/a>\n\t\t\t\t\t<a href=\"https:\/\/www.la-bretonniere.com\/nl\/accommodaties\/chalet-prestige-4-6pers-24m%c2%b2-premium\/#primary\" rel=\"noopener\" target=\"_blank\">\n\t\t\t\t<img decoding=\"async\" src=\"https:\/\/www.la-bretonniere.com\/wp-content\/uploads\/2024\/06\/pict_13_5.jpg\" alt=\"Chalet Prestige 4-5pers 24m\u00b2 (Premium)\" \/>\n\t\t\t<\/a>\n\t\t\t<\/div>\n\n\n\t<div class=\"ls-hebergement__content\">\n\t\t<a href=\"https:\/\/www.la-bretonniere.com\/nl\/accommodaties\/chalet-prestige-4-6pers-24m%c2%b2-premium\/#primary\" rel=\"noopener\" target=\"_blank\" class=\"ls-hebergement__link\">\n\t\t\t<div class=\"ls-hebergement__details\">\n\t\t\t\t<div class=\"ls-hebergement__title\">\n\t\t\t\t\tChalet Prestige 4-5pers 24m\u00b2 (Premium)\t\t\t\t<\/div>\n\n\t\t\t\t<div class=\"ls-hebergement__infos\">\n\t\t\t\t\t\t\t\t\t\t\t<span class=\"ls-hebergement__detail\">24m\u00b2<\/span>\n\t\t\t\t\t\t\t\t\t\t\t\t\t\t\t\t<span class=\"ls-hebergement__detail\">, 1 badkamer<\/span>\n\t\t\t\t\t\t\t\t\t<\/div>\n\n\t\t\t\t\t\t\t<\/div>\n\n\t\t\t\t\t\t\t<div class=\"ls-hebergement__icon\">\n\t\t\t\t\t<i class=\"bretonniere-profile\"><\/i>\n\t\t\t\t\t5\t\t\t\t<\/div>\n\t\t\t\t<\/div>\n\n\t<div class=\"ls-hebergement__disponibilites\">\n\t\tOntdek\t<\/div>\n\t<\/a>\n<\/div><div class=\"ls-hebergement\" data-postid='920' data-id-reservation='21' data-id-site='456' data-id1='79807' data-nombre_de_personnes='5' data-nombre_de_chambres='2' data-last-update='2025-10-31 12:16:17' data-type='insolite-fr location-fr' data-options-hebergements='animaux-autorises congelateur electricite micro-ondes parking-1-place refrigerateur terrasse'>\n\t<div class=\"ls-hebergement__thumb\">\n\t\t\t\t\t<a href=\"https:\/\/www.la-bretonniere.com\/nl\/accommodaties\/tente-vendeenne-5pers-eden\/#primary\" rel=\"noopener\" target=\"_blank\">\n\t\t\t\t<img decoding=\"async\" src=\"https:\/\/www.la-bretonniere.com\/wp-content\/uploads\/2023\/06\/pict_21_1.jpg\" alt=\"Tente Vend\u00e9enne 5pers (Eden)\" \/>\n\t\t\t<\/a>\n\t\t\t\t\t<a href=\"https:\/\/www.la-bretonniere.com\/nl\/accommodaties\/tente-vendeenne-5pers-eden\/#primary\" rel=\"noopener\" target=\"_blank\">\n\t\t\t\t<img decoding=\"async\" src=\"https:\/\/www.la-bretonniere.com\/wp-content\/uploads\/2023\/06\/pict_21_2.jpg\" alt=\"Tente Vend\u00e9enne 5pers (Eden)\" \/>\n\t\t\t<\/a>\n\t\t\t\t\t<a href=\"https:\/\/www.la-bretonniere.com\/nl\/accommodaties\/tente-vendeenne-5pers-eden\/#primary\" rel=\"noopener\" target=\"_blank\">\n\t\t\t\t<img decoding=\"async\" src=\"https:\/\/www.la-bretonniere.com\/wp-content\/uploads\/2023\/06\/pict_21_3.jpg\" alt=\"Tente Vend\u00e9enne 5pers (Eden)\" \/>\n\t\t\t<\/a>\n\t\t\t\t\t<a href=\"https:\/\/www.la-bretonniere.com\/nl\/accommodaties\/tente-vendeenne-5pers-eden\/#primary\" rel=\"noopener\" target=\"_blank\">\n\t\t\t\t<img decoding=\"async\" src=\"https:\/\/www.la-bretonniere.com\/wp-content\/uploads\/2023\/06\/pict_21_4.jpg\" alt=\"Tente Vend\u00e9enne 5pers (Eden)\" \/>\n\t\t\t<\/a>\n\t\t\t<\/div>\n\n\n\t<div class=\"ls-hebergement__content\">\n\t\t<a href=\"https:\/\/www.la-bretonniere.com\/nl\/accommodaties\/tente-vendeenne-5pers-eden\/#primary\" rel=\"noopener\" target=\"_blank\" class=\"ls-hebergement__link\">\n\t\t\t<div class=\"ls-hebergement__details\">\n\t\t\t\t<div class=\"ls-hebergement__title\">\n\t\t\t\t\tTente Vend\u00e9enne 5pers (Eden)\t\t\t\t<\/div>\n\n\t\t\t\t<div class=\"ls-hebergement__infos\">\n\t\t\t\t\t\t\t\t\t\t\t<span class=\"ls-hebergement__detail\">21m\u00b2<\/span>\n\t\t\t\t\t\t\t\t\t\t\t\t\t\t<\/div>\n\n\t\t\t\t<div class=\"ls-hebergement__options\"><span class=\"bretonniere-patte\"><\/span> Huisdieren toegestaan<\/div>\t\t\t<\/div>\n\n\t\t\t\t\t\t\t<div class=\"ls-hebergement__icon\">\n\t\t\t\t\t<i class=\"bretonniere-profile\"><\/i>\n\t\t\t\t\t5\t\t\t\t<\/div>\n\t\t\t\t<\/div>\n\n\t<div class=\"ls-hebergement__disponibilites\">\n\t\tOntdek\t<\/div>\n\t<\/a>\n<\/div><div class=\"ls-hebergement\" data-postid='923' data-id-reservation='34' data-id-site='456' data-id1='79807' data-nombre_de_personnes='4' data-nombre_de_chambres='2' data-last-update='2025-10-31 12:16:19' data-type='location-fr mobil-home-fr' data-options-hebergements='animaux-autorises barbecue chauffage congelateur electricite lave-vaisselle micro-ondes parking-1-place refrigerateur salle-de-bain television terrasse'>\n\t<div class=\"ls-hebergement__thumb\">\n\t\t\t\t\t<a href=\"https:\/\/www.la-bretonniere.com\/nl\/accommodaties\/mobil-du-parc-4pers-confort\/#primary\" rel=\"noopener\" target=\"_blank\">\n\t\t\t\t<img decoding=\"async\" src=\"https:\/\/www.la-bretonniere.com\/wp-content\/uploads\/2023\/11\/pict_34_1.jpg\" alt=\"Mobil du Parc 4pers (Confort)\" \/>\n\t\t\t<\/a>\n\t\t\t\t\t<a href=\"https:\/\/www.la-bretonniere.com\/nl\/accommodaties\/mobil-du-parc-4pers-confort\/#primary\" rel=\"noopener\" target=\"_blank\">\n\t\t\t\t<img decoding=\"async\" src=\"https:\/\/www.la-bretonniere.com\/wp-content\/uploads\/2023\/11\/pict_34_2.jpg\" alt=\"Mobil du Parc 4pers (Confort)\" \/>\n\t\t\t<\/a>\n\t\t\t\t\t<a href=\"https:\/\/www.la-bretonniere.com\/nl\/accommodaties\/mobil-du-parc-4pers-confort\/#primary\" rel=\"noopener\" target=\"_blank\">\n\t\t\t\t<img decoding=\"async\" src=\"https:\/\/www.la-bretonniere.com\/wp-content\/uploads\/2023\/11\/pict_34_3.jpg\" alt=\"Mobil du Parc 4pers (Confort)\" \/>\n\t\t\t<\/a>\n\t\t\t\t\t<a href=\"https:\/\/www.la-bretonniere.com\/nl\/accommodaties\/mobil-du-parc-4pers-confort\/#primary\" rel=\"noopener\" target=\"_blank\">\n\t\t\t\t<img decoding=\"async\" src=\"https:\/\/www.la-bretonniere.com\/wp-content\/uploads\/2023\/11\/pict_34_4.jpg\" alt=\"Mobil du Parc 4pers (Confort)\" \/>\n\t\t\t<\/a>\n\t\t\t\t\t<a href=\"https:\/\/www.la-bretonniere.com\/nl\/accommodaties\/mobil-du-parc-4pers-confort\/#primary\" rel=\"noopener\" target=\"_blank\">\n\t\t\t\t<img decoding=\"async\" src=\"https:\/\/www.la-bretonniere.com\/wp-content\/uploads\/2023\/11\/pict_34_5.jpg\" alt=\"Mobil du Parc 4pers (Confort)\" \/>\n\t\t\t<\/a>\n\t\t\t\t\t<a href=\"https:\/\/www.la-bretonniere.com\/nl\/accommodaties\/mobil-du-parc-4pers-confort\/#primary\" rel=\"noopener\" target=\"_blank\">\n\t\t\t\t<img decoding=\"async\" src=\"https:\/\/www.la-bretonniere.com\/wp-content\/uploads\/2023\/11\/pict_34_6.jpg\" alt=\"Mobil du Parc 4pers (Confort)\" \/>\n\t\t\t<\/a>\n\t\t\t<\/div>\n\n\n\t<div class=\"ls-hebergement__content\">\n\t\t<a href=\"https:\/\/www.la-bretonniere.com\/nl\/accommodaties\/mobil-du-parc-4pers-confort\/#primary\" rel=\"noopener\" target=\"_blank\" class=\"ls-hebergement__link\">\n\t\t\t<div class=\"ls-hebergement__details\">\n\t\t\t\t<div class=\"ls-hebergement__title\">\n\t\t\t\t\tMobil du Parc 4pers (Confort)\t\t\t\t<\/div>\n\n\t\t\t\t<div class=\"ls-hebergement__infos\">\n\t\t\t\t\t\t\t\t\t\t\t<span class=\"ls-hebergement__detail\">29m\u00b2<\/span>\n\t\t\t\t\t\t\t\t\t\t\t\t\t\t\t\t<span class=\"ls-hebergement__detail\">, 1 badkamer<\/span>\n\t\t\t\t\t\t\t\t\t<\/div>\n\n\t\t\t\t<div class=\"ls-hebergement__options\"><span class=\"bretonniere-patte\"><\/span> Huisdieren toegestaan<\/div>\t\t\t<\/div>\n\n\t\t\t\t\t\t\t<div class=\"ls-hebergement__icon\">\n\t\t\t\t\t<i class=\"bretonniere-profile\"><\/i>\n\t\t\t\t\t4\t\t\t\t<\/div>\n\t\t\t\t<\/div>\n\n\t<div class=\"ls-hebergement__disponibilites\">\n\t\tOntdek\t<\/div>\n\t<\/a>\n<\/div><div class=\"ls-hebergement\" data-postid='925' data-id-reservation='15' data-id-site='456' data-id1='79807' data-nombre_de_personnes='5' data-nombre_de_chambres='2' data-last-update='2025-10-31 12:16:14' data-type='location-fr mobil-home-fr' data-options-hebergements='animaux-autorises chauffage congelateur electricite micro-ondes parking-1-place refrigerateur salle-de-bain television terrasse'>\n\t<div class=\"ls-hebergement__thumb\">\n\t\t\t\t\t<a href=\"https:\/\/www.la-bretonniere.com\/nl\/accommodaties\/mobil-du-pre-5pers-premium\/#primary\" rel=\"noopener\" target=\"_blank\">\n\t\t\t\t<img decoding=\"async\" src=\"https:\/\/www.la-bretonniere.com\/wp-content\/uploads\/2024\/06\/pict_15_1.jpg\" alt=\"Mobil du Pr\u00e9 5pers (Premium)\" \/>\n\t\t\t<\/a>\n\t\t\t\t\t<a href=\"https:\/\/www.la-bretonniere.com\/nl\/accommodaties\/mobil-du-pre-5pers-premium\/#primary\" rel=\"noopener\" target=\"_blank\">\n\t\t\t\t<img decoding=\"async\" src=\"https:\/\/www.la-bretonniere.com\/wp-content\/uploads\/2023\/06\/pict_15_2.jpg\" alt=\"Mobil du Pr\u00e9 5pers (Premium)\" \/>\n\t\t\t<\/a>\n\t\t\t\t\t<a href=\"https:\/\/www.la-bretonniere.com\/nl\/accommodaties\/mobil-du-pre-5pers-premium\/#primary\" rel=\"noopener\" target=\"_blank\">\n\t\t\t\t<img decoding=\"async\" src=\"https:\/\/www.la-bretonniere.com\/wp-content\/uploads\/2023\/06\/pict_15_3.jpg\" alt=\"Mobil du Pr\u00e9 5pers (Premium)\" \/>\n\t\t\t<\/a>\n\t\t\t\t\t<a href=\"https:\/\/www.la-bretonniere.com\/nl\/accommodaties\/mobil-du-pre-5pers-premium\/#primary\" rel=\"noopener\" target=\"_blank\">\n\t\t\t\t<img decoding=\"async\" src=\"https:\/\/www.la-bretonniere.com\/wp-content\/uploads\/2023\/06\/pict_15_4.jpg\" alt=\"Mobil du Pr\u00e9 5pers (Premium)\" \/>\n\t\t\t<\/a>\n\t\t\t\t\t<a href=\"https:\/\/www.la-bretonniere.com\/nl\/accommodaties\/mobil-du-pre-5pers-premium\/#primary\" rel=\"noopener\" target=\"_blank\">\n\t\t\t\t<img decoding=\"async\" src=\"https:\/\/www.la-bretonniere.com\/wp-content\/uploads\/2023\/06\/pict_15_5.jpg\" alt=\"Mobil du Pr\u00e9 5pers (Premium)\" \/>\n\t\t\t<\/a>\n\t\t\t\t\t<a href=\"https:\/\/www.la-bretonniere.com\/nl\/accommodaties\/mobil-du-pre-5pers-premium\/#primary\" rel=\"noopener\" target=\"_blank\">\n\t\t\t\t<img decoding=\"async\" src=\"https:\/\/www.la-bretonniere.com\/wp-content\/uploads\/2023\/06\/pict_15_6.jpg\" alt=\"Mobil du Pr\u00e9 5pers (Premium)\" \/>\n\t\t\t<\/a>\n\t\t\t\t\t<a href=\"https:\/\/www.la-bretonniere.com\/nl\/accommodaties\/mobil-du-pre-5pers-premium\/#primary\" rel=\"noopener\" target=\"_blank\">\n\t\t\t\t<img decoding=\"async\" src=\"https:\/\/www.la-bretonniere.com\/wp-content\/uploads\/2023\/06\/pict_15_7.jpg\" alt=\"Mobil du Pr\u00e9 5pers (Premium)\" \/>\n\t\t\t<\/a>\n\t\t\t<\/div>\n\n\n\t<div class=\"ls-hebergement__content\">\n\t\t<a href=\"https:\/\/www.la-bretonniere.com\/nl\/accommodaties\/mobil-du-pre-5pers-premium\/#primary\" rel=\"noopener\" target=\"_blank\" class=\"ls-hebergement__link\">\n\t\t\t<div class=\"ls-hebergement__details\">\n\t\t\t\t<div class=\"ls-hebergement__title\">\n\t\t\t\t\tMobil du Pr\u00e9 5pers (Premium)\t\t\t\t<\/div>\n\n\t\t\t\t<div class=\"ls-hebergement__infos\">\n\t\t\t\t\t\t\t\t\t\t\t<span class=\"ls-hebergement__detail\">30m\u00b2<\/span>\n\t\t\t\t\t\t\t\t\t\t\t\t\t\t\t\t<span class=\"ls-hebergement__detail\">, 2 badkamer<\/span>\n\t\t\t\t\t\t\t\t\t<\/div>\n\n\t\t\t\t<div class=\"ls-hebergement__options\"><span class=\"bretonniere-patte\"><\/span> Huisdieren toegestaan<\/div>\t\t\t<\/div>\n\n\t\t\t\t\t\t\t<div class=\"ls-hebergement__icon\">\n\t\t\t\t\t<i class=\"bretonniere-profile\"><\/i>\n\t\t\t\t\t5\t\t\t\t<\/div>\n\t\t\t\t<\/div>\n\n\t<div class=\"ls-hebergement__disponibilites\">\n\t\tOntdek\t<\/div>\n\t<\/a>\n<\/div><div class=\"ls-hebergement\" data-postid='927' data-id-reservation='18' data-id-site='456' data-id1='79807' data-nombre_de_personnes='4' data-nombre_de_chambres='2' data-last-update='2025-10-31 12:16:15' data-type='chalet-fr location-fr' data-options-hebergements='animaux-autorises chauffage electricite micro-ondes parking-1-place pmr refrigerateur salle-de-bain television terrasse'>\n\t<div class=\"ls-hebergement__thumb\">\n\t\t\t\t\t<a href=\"https:\/\/www.la-bretonniere.com\/nl\/accommodaties\/chalet-jardin-pmr-4pers-eden\/#primary\" rel=\"noopener\" target=\"_blank\">\n\t\t\t\t<img decoding=\"async\" src=\"https:\/\/www.la-bretonniere.com\/wp-content\/uploads\/2023\/06\/pict_18_1.jpg\" alt=\"Chalet Jardin PMR 4pers (Eden)\" \/>\n\t\t\t<\/a>\n\t\t\t\t\t<a href=\"https:\/\/www.la-bretonniere.com\/nl\/accommodaties\/chalet-jardin-pmr-4pers-eden\/#primary\" rel=\"noopener\" target=\"_blank\">\n\t\t\t\t<img decoding=\"async\" src=\"https:\/\/www.la-bretonniere.com\/wp-content\/uploads\/2023\/06\/pict_18_2.jpg\" alt=\"Chalet Jardin PMR 4pers (Eden)\" \/>\n\t\t\t<\/a>\n\t\t\t\t\t<a href=\"https:\/\/www.la-bretonniere.com\/nl\/accommodaties\/chalet-jardin-pmr-4pers-eden\/#primary\" rel=\"noopener\" target=\"_blank\">\n\t\t\t\t<img decoding=\"async\" src=\"https:\/\/www.la-bretonniere.com\/wp-content\/uploads\/2023\/06\/pict_18_3.jpg\" alt=\"Chalet Jardin PMR 4pers (Eden)\" \/>\n\t\t\t<\/a>\n\t\t\t\t\t<a href=\"https:\/\/www.la-bretonniere.com\/nl\/accommodaties\/chalet-jardin-pmr-4pers-eden\/#primary\" rel=\"noopener\" target=\"_blank\">\n\t\t\t\t<img decoding=\"async\" src=\"https:\/\/www.la-bretonniere.com\/wp-content\/uploads\/2023\/06\/pict_18_4.jpg\" alt=\"Chalet Jardin PMR 4pers (Eden)\" \/>\n\t\t\t<\/a>\n\t\t\t\t\t<a href=\"https:\/\/www.la-bretonniere.com\/nl\/accommodaties\/chalet-jardin-pmr-4pers-eden\/#primary\" rel=\"noopener\" target=\"_blank\">\n\t\t\t\t<img decoding=\"async\" src=\"https:\/\/www.la-bretonniere.com\/wp-content\/uploads\/2023\/06\/pict_18_5.jpg\" alt=\"Chalet Jardin PMR 4pers (Eden)\" \/>\n\t\t\t<\/a>\n\t\t\t\t\t<a href=\"https:\/\/www.la-bretonniere.com\/nl\/accommodaties\/chalet-jardin-pmr-4pers-eden\/#primary\" rel=\"noopener\" target=\"_blank\">\n\t\t\t\t<img decoding=\"async\" src=\"https:\/\/www.la-bretonniere.com\/wp-content\/uploads\/2023\/06\/pict_18_6.jpg\" alt=\"Chalet Jardin PMR 4pers (Eden)\" \/>\n\t\t\t<\/a>\n\t\t\t\t\t<a href=\"https:\/\/www.la-bretonniere.com\/nl\/accommodaties\/chalet-jardin-pmr-4pers-eden\/#primary\" rel=\"noopener\" target=\"_blank\">\n\t\t\t\t<img decoding=\"async\" src=\"https:\/\/www.la-bretonniere.com\/wp-content\/uploads\/2023\/06\/pict_18_7.jpg\" alt=\"Chalet Jardin PMR 4pers (Eden)\" \/>\n\t\t\t<\/a>\n\t\t\t<\/div>\n\n\n\t<div class=\"ls-hebergement__content\">\n\t\t<a href=\"https:\/\/www.la-bretonniere.com\/nl\/accommodaties\/chalet-jardin-pmr-4pers-eden\/#primary\" rel=\"noopener\" target=\"_blank\" class=\"ls-hebergement__link\">\n\t\t\t<div class=\"ls-hebergement__details\">\n\t\t\t\t<div class=\"ls-hebergement__title\">\n\t\t\t\t\tChalet Jardin PMR 4pers (Eden)\t\t\t\t<\/div>\n\n\t\t\t\t<div class=\"ls-hebergement__infos\">\n\t\t\t\t\t\t\t\t\t\t\t<span class=\"ls-hebergement__detail\">33m\u00b2<\/span>\n\t\t\t\t\t\t\t\t\t\t\t\t\t\t\t\t<span class=\"ls-hebergement__detail\">, 1 badkamer<\/span>\n\t\t\t\t\t\t\t\t\t<\/div>\n\n\t\t\t\t<div class=\"ls-hebergement__options\"><span class=\"bretonniere-patte\"><\/span> Huisdieren toegestaan<\/div>\t\t\t<\/div>\n\n\t\t\t\t\t\t\t<div class=\"ls-hebergement__icon\">\n\t\t\t\t\t<i class=\"bretonniere-profile\"><\/i>\n\t\t\t\t\t4\t\t\t\t<\/div>\n\t\t\t\t<\/div>\n\n\t<div class=\"ls-hebergement__disponibilites\">\n\t\tOntdek\t<\/div>\n\t<\/a>\n<\/div><div class=\"ls-hebergement\" data-postid='931' data-id-reservation='11' data-id-site='456' data-id1='79807' data-nombre_de_personnes='6' data-nombre_de_chambres='2' data-last-update='2025-10-31 12:16:12' data-type='chalet-fr location-fr' data-options-hebergements='animaux-autorises chauffage congelateur electricite micro-ondes parking-1-place refrigerateur salle-de-bain television terrasse'>\n\t<div class=\"ls-hebergement__thumb\">\n\t\t\t\t\t<a href=\"https:\/\/www.la-bretonniere.com\/nl\/accommodaties\/chalet-jardin-5-6pers-eden\/#primary\" rel=\"noopener\" target=\"_blank\">\n\t\t\t\t<img decoding=\"async\" src=\"https:\/\/www.la-bretonniere.com\/wp-content\/uploads\/2023\/06\/pict_11_1.jpg\" alt=\"Chalet Jardin 5-6pers (Eden)\" \/>\n\t\t\t<\/a>\n\t\t\t\t\t<a href=\"https:\/\/www.la-bretonniere.com\/nl\/accommodaties\/chalet-jardin-5-6pers-eden\/#primary\" rel=\"noopener\" target=\"_blank\">\n\t\t\t\t<img decoding=\"async\" src=\"https:\/\/www.la-bretonniere.com\/wp-content\/uploads\/2024\/06\/pict_11_2.jpg\" alt=\"Chalet Jardin 5-6pers (Eden)\" \/>\n\t\t\t<\/a>\n\t\t\t\t\t<a href=\"https:\/\/www.la-bretonniere.com\/nl\/accommodaties\/chalet-jardin-5-6pers-eden\/#primary\" rel=\"noopener\" target=\"_blank\">\n\t\t\t\t<img decoding=\"async\" src=\"https:\/\/www.la-bretonniere.com\/wp-content\/uploads\/2024\/06\/pict_11_3.jpg\" alt=\"Chalet Jardin 5-6pers (Eden)\" \/>\n\t\t\t<\/a>\n\t\t\t\t\t<a href=\"https:\/\/www.la-bretonniere.com\/nl\/accommodaties\/chalet-jardin-5-6pers-eden\/#primary\" rel=\"noopener\" target=\"_blank\">\n\t\t\t\t<img decoding=\"async\" src=\"https:\/\/www.la-bretonniere.com\/wp-content\/uploads\/2024\/06\/pict_11_4.jpg\" alt=\"Chalet Jardin 5-6pers (Eden)\" \/>\n\t\t\t<\/a>\n\t\t\t\t\t<a href=\"https:\/\/www.la-bretonniere.com\/nl\/accommodaties\/chalet-jardin-5-6pers-eden\/#primary\" rel=\"noopener\" target=\"_blank\">\n\t\t\t\t<img decoding=\"async\" src=\"https:\/\/www.la-bretonniere.com\/wp-content\/uploads\/2024\/06\/pict_11_5.jpg\" alt=\"Chalet Jardin 5-6pers (Eden)\" \/>\n\t\t\t<\/a>\n\t\t\t\t\t<a href=\"https:\/\/www.la-bretonniere.com\/nl\/accommodaties\/chalet-jardin-5-6pers-eden\/#primary\" rel=\"noopener\" target=\"_blank\">\n\t\t\t\t<img decoding=\"async\" src=\"https:\/\/www.la-bretonniere.com\/wp-content\/uploads\/2024\/06\/pict_11_6.jpg\" alt=\"Chalet Jardin 5-6pers (Eden)\" \/>\n\t\t\t<\/a>\n\t\t\t<\/div>\n\n\n\t<div class=\"ls-hebergement__content\">\n\t\t<a href=\"https:\/\/www.la-bretonniere.com\/nl\/accommodaties\/chalet-jardin-5-6pers-eden\/#primary\" rel=\"noopener\" target=\"_blank\" class=\"ls-hebergement__link\">\n\t\t\t<div class=\"ls-hebergement__details\">\n\t\t\t\t<div class=\"ls-hebergement__title\">\n\t\t\t\t\tChalet Jardin 5-6pers (Eden)\t\t\t\t<\/div>\n\n\t\t\t\t<div class=\"ls-hebergement__infos\">\n\t\t\t\t\t\t\t\t\t\t\t<span class=\"ls-hebergement__detail\">33m\u00b2<\/span>\n\t\t\t\t\t\t\t\t\t\t\t\t\t\t\t\t<span class=\"ls-hebergement__detail\">, 1 badkamer<\/span>\n\t\t\t\t\t\t\t\t\t<\/div>\n\n\t\t\t\t<div class=\"ls-hebergement__options\"><span class=\"bretonniere-patte\"><\/span> Huisdieren toegestaan<\/div>\t\t\t<\/div>\n\n\t\t\t\t\t\t\t<div class=\"ls-hebergement__icon\">\n\t\t\t\t\t<i class=\"bretonniere-profile\"><\/i>\n\t\t\t\t\t6\t\t\t\t<\/div>\n\t\t\t\t<\/div>\n\n\t<div class=\"ls-hebergement__disponibilites\">\n\t\tOntdek\t<\/div>\n\t<\/a>\n<\/div><div class=\"ls-hebergement\" data-postid='932' data-id-reservation='25' data-id-site='456' data-id1='79807' data-nombre_de_personnes='6' data-nombre_de_chambres='3' data-last-update='2025-10-31 12:16:18' data-type='location-fr mobil-home-fr' data-options-hebergements='animaux-autorises chauffage congelateur electricite micro-ondes parking-1-place refrigerateur salle-de-bain television terrasse'>\n\t<div class=\"ls-hebergement__thumb\">\n\t\t\t\t\t<a href=\"https:\/\/www.la-bretonniere.com\/nl\/accommodaties\/mobil-prairie-camp-6pers-eden\/#primary\" rel=\"noopener\" target=\"_blank\">\n\t\t\t\t<img decoding=\"async\" src=\"https:\/\/www.la-bretonniere.com\/wp-content\/uploads\/2023\/06\/pict_25_1.jpg\" alt=\"Mobil Prairie-Camp 6pers (Eden)\" \/>\n\t\t\t<\/a>\n\t\t\t\t\t<a href=\"https:\/\/www.la-bretonniere.com\/nl\/accommodaties\/mobil-prairie-camp-6pers-eden\/#primary\" rel=\"noopener\" target=\"_blank\">\n\t\t\t\t<img decoding=\"async\" src=\"https:\/\/www.la-bretonniere.com\/wp-content\/uploads\/2023\/06\/pict_25_2.jpg\" alt=\"Mobil Prairie-Camp 6pers (Eden)\" \/>\n\t\t\t<\/a>\n\t\t\t\t\t<a href=\"https:\/\/www.la-bretonniere.com\/nl\/accommodaties\/mobil-prairie-camp-6pers-eden\/#primary\" rel=\"noopener\" target=\"_blank\">\n\t\t\t\t<img decoding=\"async\" src=\"https:\/\/www.la-bretonniere.com\/wp-content\/uploads\/2023\/06\/pict_25_3.jpg\" alt=\"Mobil Prairie-Camp 6pers (Eden)\" \/>\n\t\t\t<\/a>\n\t\t\t\t\t<a href=\"https:\/\/www.la-bretonniere.com\/nl\/accommodaties\/mobil-prairie-camp-6pers-eden\/#primary\" rel=\"noopener\" target=\"_blank\">\n\t\t\t\t<img decoding=\"async\" src=\"https:\/\/www.la-bretonniere.com\/wp-content\/uploads\/2023\/06\/pict_25_4.jpg\" alt=\"Mobil Prairie-Camp 6pers (Eden)\" \/>\n\t\t\t<\/a>\n\t\t\t\t\t<a href=\"https:\/\/www.la-bretonniere.com\/nl\/accommodaties\/mobil-prairie-camp-6pers-eden\/#primary\" rel=\"noopener\" target=\"_blank\">\n\t\t\t\t<img decoding=\"async\" src=\"https:\/\/www.la-bretonniere.com\/wp-content\/uploads\/2023\/06\/pict_25_5.jpg\" alt=\"Mobil Prairie-Camp 6pers (Eden)\" \/>\n\t\t\t<\/a>\n\t\t\t\t\t<a href=\"https:\/\/www.la-bretonniere.com\/nl\/accommodaties\/mobil-prairie-camp-6pers-eden\/#primary\" rel=\"noopener\" target=\"_blank\">\n\t\t\t\t<img decoding=\"async\" src=\"https:\/\/www.la-bretonniere.com\/wp-content\/uploads\/2023\/06\/pict_25_6.jpg\" alt=\"Mobil Prairie-Camp 6pers (Eden)\" \/>\n\t\t\t<\/a>\n\t\t\t<\/div>\n\n\n\t<div class=\"ls-hebergement__content\">\n\t\t<a href=\"https:\/\/www.la-bretonniere.com\/nl\/accommodaties\/mobil-prairie-camp-6pers-eden\/#primary\" rel=\"noopener\" target=\"_blank\" class=\"ls-hebergement__link\">\n\t\t\t<div class=\"ls-hebergement__details\">\n\t\t\t\t<div class=\"ls-hebergement__title\">\n\t\t\t\t\tMobil Prairie-Camp 6pers (Eden)\t\t\t\t<\/div>\n\n\t\t\t\t<div class=\"ls-hebergement__infos\">\n\t\t\t\t\t\t\t\t\t\t\t<span class=\"ls-hebergement__detail\">32m\u00b2<\/span>\n\t\t\t\t\t\t\t\t\t\t\t\t\t\t\t\t<span class=\"ls-hebergement__detail\">, 1 badkamer<\/span>\n\t\t\t\t\t\t\t\t\t<\/div>\n\n\t\t\t\t<div class=\"ls-hebergement__options\"><span class=\"bretonniere-patte\"><\/span> Huisdieren toegestaan<\/div>\t\t\t<\/div>\n\n\t\t\t\t\t\t\t<div class=\"ls-hebergement__icon\">\n\t\t\t\t\t<i class=\"bretonniere-profile\"><\/i>\n\t\t\t\t\t6\t\t\t\t<\/div>\n\t\t\t\t<\/div>\n\n\t<div class=\"ls-hebergement__disponibilites\">\n\t\tOntdek\t<\/div>\n\t<\/a>\n<\/div><div class=\"ls-hebergement\" data-postid='936' data-id-reservation='14' data-id-site='456' data-id1='79807' data-nombre_de_personnes='6' data-nombre_de_chambres='3' data-last-update='2025-10-31 12:16:14' data-type='location-fr mobil-home-fr' data-options-hebergements='barbecue chauffage congelateur electricite lave-vaisselle micro-ondes parking-1-place refrigerateur salle-de-bain television terrasse'>\n\t<div class=\"ls-hebergement__thumb\">\n\t\t\t\t\t<a href=\"https:\/\/www.la-bretonniere.com\/nl\/accommodaties\/mobil-taos-6pers-premium\/#primary\" rel=\"noopener\" target=\"_blank\">\n\t\t\t\t<img decoding=\"async\" src=\"https:\/\/www.la-bretonniere.com\/wp-content\/uploads\/2023\/06\/pict_14_1.jpg\" alt=\"Mobil Taos 6pers  (VIP)\" \/>\n\t\t\t<\/a>\n\t\t\t\t\t<a href=\"https:\/\/www.la-bretonniere.com\/nl\/accommodaties\/mobil-taos-6pers-premium\/#primary\" rel=\"noopener\" target=\"_blank\">\n\t\t\t\t<img decoding=\"async\" src=\"https:\/\/www.la-bretonniere.com\/wp-content\/uploads\/2023\/06\/pict_14_2.jpg\" alt=\"Mobil Taos 6pers  (VIP)\" \/>\n\t\t\t<\/a>\n\t\t\t\t\t<a href=\"https:\/\/www.la-bretonniere.com\/nl\/accommodaties\/mobil-taos-6pers-premium\/#primary\" rel=\"noopener\" target=\"_blank\">\n\t\t\t\t<img decoding=\"async\" src=\"https:\/\/www.la-bretonniere.com\/wp-content\/uploads\/2023\/06\/pict_14_3.jpg\" alt=\"Mobil Taos 6pers  (VIP)\" \/>\n\t\t\t<\/a>\n\t\t\t\t\t<a href=\"https:\/\/www.la-bretonniere.com\/nl\/accommodaties\/mobil-taos-6pers-premium\/#primary\" rel=\"noopener\" target=\"_blank\">\n\t\t\t\t<img decoding=\"async\" src=\"https:\/\/www.la-bretonniere.com\/wp-content\/uploads\/2023\/06\/pict_14_4.jpg\" alt=\"Mobil Taos 6pers  (VIP)\" \/>\n\t\t\t<\/a>\n\t\t\t\t\t<a href=\"https:\/\/www.la-bretonniere.com\/nl\/accommodaties\/mobil-taos-6pers-premium\/#primary\" rel=\"noopener\" target=\"_blank\">\n\t\t\t\t<img decoding=\"async\" src=\"https:\/\/www.la-bretonniere.com\/wp-content\/uploads\/2023\/06\/pict_14_5.jpg\" alt=\"Mobil Taos 6pers  (VIP)\" \/>\n\t\t\t<\/a>\n\t\t\t\t\t<a href=\"https:\/\/www.la-bretonniere.com\/nl\/accommodaties\/mobil-taos-6pers-premium\/#primary\" rel=\"noopener\" target=\"_blank\">\n\t\t\t\t<img decoding=\"async\" src=\"https:\/\/www.la-bretonniere.com\/wp-content\/uploads\/2023\/06\/pict_14_6.jpg\" alt=\"Mobil Taos 6pers  (VIP)\" \/>\n\t\t\t<\/a>\n\t\t\t\t\t<a href=\"https:\/\/www.la-bretonniere.com\/nl\/accommodaties\/mobil-taos-6pers-premium\/#primary\" rel=\"noopener\" target=\"_blank\">\n\t\t\t\t<img decoding=\"async\" src=\"https:\/\/www.la-bretonniere.com\/wp-content\/uploads\/2023\/06\/pict_14_7.jpg\" alt=\"Mobil Taos 6pers  (VIP)\" \/>\n\t\t\t<\/a>\n\t\t\t<\/div>\n\n\n\t<div class=\"ls-hebergement__content\">\n\t\t<a href=\"https:\/\/www.la-bretonniere.com\/nl\/accommodaties\/mobil-taos-6pers-premium\/#primary\" rel=\"noopener\" target=\"_blank\" class=\"ls-hebergement__link\">\n\t\t\t<div class=\"ls-hebergement__details\">\n\t\t\t\t<div class=\"ls-hebergement__title\">\n\t\t\t\t\tMobil Taos 6pers  (VIP)\t\t\t\t<\/div>\n\n\t\t\t\t<div class=\"ls-hebergement__infos\">\n\t\t\t\t\t\t\t\t\t\t\t<span class=\"ls-hebergement__detail\">40m\u00b2<\/span>\n\t\t\t\t\t\t\t\t\t\t\t\t\t\t\t\t<span class=\"ls-hebergement__detail\">, 2 badkamer<\/span>\n\t\t\t\t\t\t\t\t\t<\/div>\n\n\t\t\t\t\t\t\t<\/div>\n\n\t\t\t\t\t\t\t<div class=\"ls-hebergement__icon\">\n\t\t\t\t\t<i class=\"bretonniere-profile\"><\/i>\n\t\t\t\t\t6\t\t\t\t<\/div>\n\t\t\t\t<\/div>\n\n\t<div class=\"ls-hebergement__disponibilites\">\n\t\tOntdek\t<\/div>\n\t<\/a>\n<\/div><div class=\"ls-hebergement\" data-postid='937' data-id-reservation='23' data-id-site='456' data-id1='79807' data-nombre_de_personnes='4' data-nombre_de_chambres='2' data-last-update='2025-10-31 12:16:19' data-type='insolite-fr location-fr' data-options-hebergements='animaux-autorises electricite micro-ondes parking-1-place refrigerateur terrasse'>\n\t<div class=\"ls-hebergement__thumb\">\n\t\t\t\t\t<a href=\"https:\/\/www.la-bretonniere.com\/nl\/accommodaties\/tente-coco-sweet-4pers-eden\/#primary\" rel=\"noopener\" target=\"_blank\">\n\t\t\t\t<img decoding=\"async\" src=\"https:\/\/www.la-bretonniere.com\/wp-content\/uploads\/2023\/06\/pict_23_1.jpg\" alt=\"Tente Coco Sweet 4pers (Eden)\" \/>\n\t\t\t<\/a>\n\t\t\t\t\t<a href=\"https:\/\/www.la-bretonniere.com\/nl\/accommodaties\/tente-coco-sweet-4pers-eden\/#primary\" rel=\"noopener\" target=\"_blank\">\n\t\t\t\t<img decoding=\"async\" src=\"https:\/\/www.la-bretonniere.com\/wp-content\/uploads\/2023\/06\/pict_23_2.jpg\" alt=\"Tente Coco Sweet 4pers (Eden)\" \/>\n\t\t\t<\/a>\n\t\t\t\t\t<a href=\"https:\/\/www.la-bretonniere.com\/nl\/accommodaties\/tente-coco-sweet-4pers-eden\/#primary\" rel=\"noopener\" target=\"_blank\">\n\t\t\t\t<img decoding=\"async\" src=\"https:\/\/www.la-bretonniere.com\/wp-content\/uploads\/2023\/06\/pict_23_3.jpg\" alt=\"Tente Coco Sweet 4pers (Eden)\" \/>\n\t\t\t<\/a>\n\t\t\t\t\t<a href=\"https:\/\/www.la-bretonniere.com\/nl\/accommodaties\/tente-coco-sweet-4pers-eden\/#primary\" rel=\"noopener\" target=\"_blank\">\n\t\t\t\t<img decoding=\"async\" src=\"https:\/\/www.la-bretonniere.com\/wp-content\/uploads\/2023\/06\/pict_23_4.jpg\" alt=\"Tente Coco Sweet 4pers (Eden)\" \/>\n\t\t\t<\/a>\n\t\t\t\t\t<a href=\"https:\/\/www.la-bretonniere.com\/nl\/accommodaties\/tente-coco-sweet-4pers-eden\/#primary\" rel=\"noopener\" target=\"_blank\">\n\t\t\t\t<img decoding=\"async\" src=\"https:\/\/www.la-bretonniere.com\/wp-content\/uploads\/2023\/06\/pict_23_5.jpg\" alt=\"Tente Coco Sweet 4pers (Eden)\" \/>\n\t\t\t<\/a>\n\t\t\t\t\t<a href=\"https:\/\/www.la-bretonniere.com\/nl\/accommodaties\/tente-coco-sweet-4pers-eden\/#primary\" rel=\"noopener\" target=\"_blank\">\n\t\t\t\t<img decoding=\"async\" src=\"https:\/\/www.la-bretonniere.com\/wp-content\/uploads\/2023\/06\/pict_23_6.jpg\" alt=\"Tente Coco Sweet 4pers (Eden)\" \/>\n\t\t\t<\/a>\n\t\t\t\t\t<a href=\"https:\/\/www.la-bretonniere.com\/nl\/accommodaties\/tente-coco-sweet-4pers-eden\/#primary\" rel=\"noopener\" target=\"_blank\">\n\t\t\t\t<img decoding=\"async\" src=\"https:\/\/www.la-bretonniere.com\/wp-content\/uploads\/2023\/06\/pict_23_7-scaled.jpg\" alt=\"Tente Coco Sweet 4pers (Eden)\" \/>\n\t\t\t<\/a>\n\t\t\t<\/div>\n\n\n\t<div class=\"ls-hebergement__content\">\n\t\t<a href=\"https:\/\/www.la-bretonniere.com\/nl\/accommodaties\/tente-coco-sweet-4pers-eden\/#primary\" rel=\"noopener\" target=\"_blank\" class=\"ls-hebergement__link\">\n\t\t\t<div class=\"ls-hebergement__details\">\n\t\t\t\t<div class=\"ls-hebergement__title\">\n\t\t\t\t\tTente Coco Sweet 4pers (Eden)\t\t\t\t<\/div>\n\n\t\t\t\t<div class=\"ls-hebergement__infos\">\n\t\t\t\t\t\t\t\t\t\t\t<span class=\"ls-hebergement__detail\">16m\u00b2<\/span>\n\t\t\t\t\t\t\t\t\t\t\t\t\t\t<\/div>\n\n\t\t\t\t<div class=\"ls-hebergement__options\"><span class=\"bretonniere-patte\"><\/span> Huisdieren toegestaan<\/div>\t\t\t<\/div>\n\n\t\t\t\t\t\t\t<div class=\"ls-hebergement__icon\">\n\t\t\t\t\t<i class=\"bretonniere-profile\"><\/i>\n\t\t\t\t\t4\t\t\t\t<\/div>\n\t\t\t\t<\/div>\n\n\t<div class=\"ls-hebergement__disponibilites\">\n\t\tOntdek\t<\/div>\n\t<\/a>\n<\/div><div class=\"ls-hebergement\" data-postid='938' data-id-reservation='24' data-id-site='456' data-id1='79807' data-nombre_de_personnes='6' data-nombre_de_chambres='2' data-last-update='2025-10-31 12:16:18' data-type='insolite-fr location-fr' data-options-hebergements='animaux-autorises chauffage congelateur electricite micro-ondes parking-1-place refrigerateur salle-de-bain terrasse'>\n\t<div class=\"ls-hebergement__thumb\">\n\t\t\t\t\t<a href=\"https:\/\/www.la-bretonniere.com\/nl\/accommodaties\/tente-safari-6pers-premium\/#primary\" rel=\"noopener\" target=\"_blank\">\n\t\t\t\t<img decoding=\"async\" src=\"https:\/\/www.la-bretonniere.com\/wp-content\/uploads\/2023\/06\/pict_24_1.jpg\" alt=\"Tente Safari 6pers (Premium)\" \/>\n\t\t\t<\/a>\n\t\t\t\t\t<a href=\"https:\/\/www.la-bretonniere.com\/nl\/accommodaties\/tente-safari-6pers-premium\/#primary\" rel=\"noopener\" target=\"_blank\">\n\t\t\t\t<img decoding=\"async\" src=\"https:\/\/www.la-bretonniere.com\/wp-content\/uploads\/2023\/06\/pict_24_2.jpg\" alt=\"Tente Safari 6pers (Premium)\" \/>\n\t\t\t<\/a>\n\t\t\t\t\t<a href=\"https:\/\/www.la-bretonniere.com\/nl\/accommodaties\/tente-safari-6pers-premium\/#primary\" rel=\"noopener\" target=\"_blank\">\n\t\t\t\t<img decoding=\"async\" src=\"https:\/\/www.la-bretonniere.com\/wp-content\/uploads\/2023\/06\/pict_24_3.jpg\" alt=\"Tente Safari 6pers (Premium)\" \/>\n\t\t\t<\/a>\n\t\t\t\t\t<a href=\"https:\/\/www.la-bretonniere.com\/nl\/accommodaties\/tente-safari-6pers-premium\/#primary\" rel=\"noopener\" target=\"_blank\">\n\t\t\t\t<img decoding=\"async\" src=\"https:\/\/www.la-bretonniere.com\/wp-content\/uploads\/2023\/06\/pict_24_4.jpg\" alt=\"Tente Safari 6pers (Premium)\" \/>\n\t\t\t<\/a>\n\t\t\t\t\t<a href=\"https:\/\/www.la-bretonniere.com\/nl\/accommodaties\/tente-safari-6pers-premium\/#primary\" rel=\"noopener\" target=\"_blank\">\n\t\t\t\t<img decoding=\"async\" src=\"https:\/\/www.la-bretonniere.com\/wp-content\/uploads\/2023\/06\/pict_24_5.jpg\" alt=\"Tente Safari 6pers (Premium)\" \/>\n\t\t\t<\/a>\n\t\t\t\t\t<a href=\"https:\/\/www.la-bretonniere.com\/nl\/accommodaties\/tente-safari-6pers-premium\/#primary\" rel=\"noopener\" target=\"_blank\">\n\t\t\t\t<img decoding=\"async\" src=\"https:\/\/www.la-bretonniere.com\/wp-content\/uploads\/2023\/06\/pict_24_6.jpg\" alt=\"Tente Safari 6pers (Premium)\" \/>\n\t\t\t<\/a>\n\t\t\t\t\t<a href=\"https:\/\/www.la-bretonniere.com\/nl\/accommodaties\/tente-safari-6pers-premium\/#primary\" rel=\"noopener\" target=\"_blank\">\n\t\t\t\t<img decoding=\"async\" src=\"https:\/\/www.la-bretonniere.com\/wp-content\/uploads\/2023\/06\/pict_24_7.jpg\" alt=\"Tente Safari 6pers (Premium)\" \/>\n\t\t\t<\/a>\n\t\t\t<\/div>\n\n\n\t<div class=\"ls-hebergement__content\">\n\t\t<a href=\"https:\/\/www.la-bretonniere.com\/nl\/accommodaties\/tente-safari-6pers-premium\/#primary\" rel=\"noopener\" target=\"_blank\" class=\"ls-hebergement__link\">\n\t\t\t<div class=\"ls-hebergement__details\">\n\t\t\t\t<div class=\"ls-hebergement__title\">\n\t\t\t\t\tTente Safari 6pers (Premium)\t\t\t\t<\/div>\n\n\t\t\t\t<div class=\"ls-hebergement__infos\">\n\t\t\t\t\t\t\t\t\t\t\t<span class=\"ls-hebergement__detail\">35m\u00b2<\/span>\n\t\t\t\t\t\t\t\t\t\t\t\t\t\t\t\t<span class=\"ls-hebergement__detail\">, 1 badkamer<\/span>\n\t\t\t\t\t\t\t\t\t<\/div>\n\n\t\t\t\t<div class=\"ls-hebergement__options\"><span class=\"bretonniere-patte\"><\/span> Huisdieren toegestaan<\/div>\t\t\t<\/div>\n\n\t\t\t\t\t\t\t<div class=\"ls-hebergement__icon\">\n\t\t\t\t\t<i class=\"bretonniere-profile\"><\/i>\n\t\t\t\t\t6\t\t\t\t<\/div>\n\t\t\t\t<\/div>\n\n\t<div class=\"ls-hebergement__disponibilites\">\n\t\tOntdek\t<\/div>\n\t<\/a>\n<\/div><div class=\"ls-hebergement\" data-postid='940' data-id-reservation='17' data-id-site='456' data-id1='79807' data-nombre_de_personnes='5' data-nombre_de_chambres='2' data-last-update='2025-10-31 12:16:14' data-type='chalet-fr location-fr' data-options-hebergements='animaux-autorises barbecue chauffage congelateur electricite micro-ondes parking-1-place refrigerateur salle-de-bain television terrasse vue'>\n\t<div class=\"ls-hebergement__thumb\">\n\t\t\t\t\t<a href=\"https:\/\/www.la-bretonniere.com\/nl\/accommodaties\/chalet-du-lac-5pers-eden\/#primary\" rel=\"noopener\" target=\"_blank\">\n\t\t\t\t<img decoding=\"async\" src=\"https:\/\/www.la-bretonniere.com\/wp-content\/uploads\/2024\/06\/pict_17_1.jpg\" alt=\"Chalet du Lac 5pers (Eden)\" \/>\n\t\t\t<\/a>\n\t\t\t\t\t<a href=\"https:\/\/www.la-bretonniere.com\/nl\/accommodaties\/chalet-du-lac-5pers-eden\/#primary\" rel=\"noopener\" target=\"_blank\">\n\t\t\t\t<img decoding=\"async\" src=\"https:\/\/www.la-bretonniere.com\/wp-content\/uploads\/2024\/06\/pict_17_2.jpg\" alt=\"Chalet du Lac 5pers (Eden)\" \/>\n\t\t\t<\/a>\n\t\t\t\t\t<a href=\"https:\/\/www.la-bretonniere.com\/nl\/accommodaties\/chalet-du-lac-5pers-eden\/#primary\" rel=\"noopener\" target=\"_blank\">\n\t\t\t\t<img decoding=\"async\" src=\"https:\/\/www.la-bretonniere.com\/wp-content\/uploads\/2023\/06\/pict_17_3.jpg\" alt=\"Chalet du Lac 5pers (Eden)\" \/>\n\t\t\t<\/a>\n\t\t\t\t\t<a href=\"https:\/\/www.la-bretonniere.com\/nl\/accommodaties\/chalet-du-lac-5pers-eden\/#primary\" rel=\"noopener\" target=\"_blank\">\n\t\t\t\t<img decoding=\"async\" src=\"https:\/\/www.la-bretonniere.com\/wp-content\/uploads\/2024\/06\/pict_17_4.jpg\" alt=\"Chalet du Lac 5pers (Eden)\" \/>\n\t\t\t<\/a>\n\t\t\t\t\t<a href=\"https:\/\/www.la-bretonniere.com\/nl\/accommodaties\/chalet-du-lac-5pers-eden\/#primary\" rel=\"noopener\" target=\"_blank\">\n\t\t\t\t<img decoding=\"async\" src=\"https:\/\/www.la-bretonniere.com\/wp-content\/uploads\/2023\/06\/pict_17_5.jpg\" alt=\"Chalet du Lac 5pers (Eden)\" \/>\n\t\t\t<\/a>\n\t\t\t\t\t<a href=\"https:\/\/www.la-bretonniere.com\/nl\/accommodaties\/chalet-du-lac-5pers-eden\/#primary\" rel=\"noopener\" target=\"_blank\">\n\t\t\t\t<img decoding=\"async\" src=\"https:\/\/www.la-bretonniere.com\/wp-content\/uploads\/2023\/06\/pict_17_6.jpg\" alt=\"Chalet du Lac 5pers (Eden)\" \/>\n\t\t\t<\/a>\n\t\t\t\t\t<a href=\"https:\/\/www.la-bretonniere.com\/nl\/accommodaties\/chalet-du-lac-5pers-eden\/#primary\" rel=\"noopener\" target=\"_blank\">\n\t\t\t\t<img decoding=\"async\" src=\"https:\/\/www.la-bretonniere.com\/wp-content\/uploads\/2023\/06\/pict_17_7.jpg\" alt=\"Chalet du Lac 5pers (Eden)\" \/>\n\t\t\t<\/a>\n\t\t\t<\/div>\n\n\n\t<div class=\"ls-hebergement__content\">\n\t\t<a href=\"https:\/\/www.la-bretonniere.com\/nl\/accommodaties\/chalet-du-lac-5pers-eden\/#primary\" rel=\"noopener\" target=\"_blank\" class=\"ls-hebergement__link\">\n\t\t\t<div class=\"ls-hebergement__details\">\n\t\t\t\t<div class=\"ls-hebergement__title\">\n\t\t\t\t\tChalet du Lac 5pers (Eden)\t\t\t\t<\/div>\n\n\t\t\t\t<div class=\"ls-hebergement__infos\">\n\t\t\t\t\t\t\t\t\t\t\t<span class=\"ls-hebergement__detail\">25m\u00b2<\/span>\n\t\t\t\t\t\t\t\t\t\t\t\t\t\t\t\t<span class=\"ls-hebergement__detail\">, 1 badkamer<\/span>\n\t\t\t\t\t\t\t\t\t<\/div>\n\n\t\t\t\t<div class=\"ls-hebergement__options\"><span class=\"bretonniere-patte\"><\/span> Huisdieren toegestaan<\/div>\t\t\t<\/div>\n\n\t\t\t\t\t\t\t<div class=\"ls-hebergement__icon\">\n\t\t\t\t\t<i class=\"bretonniere-profile\"><\/i>\n\t\t\t\t\t5\t\t\t\t<\/div>\n\t\t\t\t<\/div>\n\n\t<div class=\"ls-hebergement__disponibilites\">\n\t\tOntdek\t<\/div>\n\t<\/a>\n<\/div><div class=\"ls-hebergement\" data-postid='943' data-id-reservation='16' data-id-site='456' data-id1='79807' data-nombre_de_personnes='5' data-nombre_de_chambres='2' data-last-update='2025-10-31 12:16:14' data-type='insolite-fr location-fr' data-options-hebergements='animaux-autorises barbecue chauffage congelateur electricite lave-vaisselle micro-ondes parking-1-place refrigerateur salle-de-bain television terrasse vue'>\n\t<div class=\"ls-hebergement__thumb\">\n\t\t\t\t\t<a href=\"https:\/\/www.la-bretonniere.com\/nl\/accommodaties\/lodge-de-letang-5pers-premium\/#primary\" rel=\"noopener\" target=\"_blank\">\n\t\t\t\t<img decoding=\"async\" src=\"https:\/\/www.la-bretonniere.com\/wp-content\/uploads\/2023\/06\/pict_16_1.jpg\" alt=\"Lodge de l&#8217;Etang 5pers (VIP)\" \/>\n\t\t\t<\/a>\n\t\t\t\t\t<a href=\"https:\/\/www.la-bretonniere.com\/nl\/accommodaties\/lodge-de-letang-5pers-premium\/#primary\" rel=\"noopener\" target=\"_blank\">\n\t\t\t\t<img decoding=\"async\" src=\"https:\/\/www.la-bretonniere.com\/wp-content\/uploads\/2023\/06\/pict_16_2.jpg\" alt=\"Lodge de l&#8217;Etang 5pers (VIP)\" \/>\n\t\t\t<\/a>\n\t\t\t\t\t<a href=\"https:\/\/www.la-bretonniere.com\/nl\/accommodaties\/lodge-de-letang-5pers-premium\/#primary\" rel=\"noopener\" target=\"_blank\">\n\t\t\t\t<img decoding=\"async\" src=\"https:\/\/www.la-bretonniere.com\/wp-content\/uploads\/2023\/06\/pict_16_3.jpg\" alt=\"Lodge de l&#8217;Etang 5pers (VIP)\" \/>\n\t\t\t<\/a>\n\t\t\t\t\t<a href=\"https:\/\/www.la-bretonniere.com\/nl\/accommodaties\/lodge-de-letang-5pers-premium\/#primary\" rel=\"noopener\" target=\"_blank\">\n\t\t\t\t<img decoding=\"async\" src=\"https:\/\/www.la-bretonniere.com\/wp-content\/uploads\/2023\/06\/pict_16_4.jpg\" alt=\"Lodge de l&#8217;Etang 5pers (VIP)\" \/>\n\t\t\t<\/a>\n\t\t\t\t\t<a href=\"https:\/\/www.la-bretonniere.com\/nl\/accommodaties\/lodge-de-letang-5pers-premium\/#primary\" rel=\"noopener\" target=\"_blank\">\n\t\t\t\t<img decoding=\"async\" src=\"https:\/\/www.la-bretonniere.com\/wp-content\/uploads\/2023\/06\/pict_16_5.jpg\" alt=\"Lodge de l&#8217;Etang 5pers (VIP)\" \/>\n\t\t\t<\/a>\n\t\t\t\t\t<a href=\"https:\/\/www.la-bretonniere.com\/nl\/accommodaties\/lodge-de-letang-5pers-premium\/#primary\" rel=\"noopener\" target=\"_blank\">\n\t\t\t\t<img decoding=\"async\" src=\"https:\/\/www.la-bretonniere.com\/wp-content\/uploads\/2023\/06\/pict_16_6.jpg\" alt=\"Lodge de l&#8217;Etang 5pers (VIP)\" \/>\n\t\t\t<\/a>\n\t\t\t\t\t<a href=\"https:\/\/www.la-bretonniere.com\/nl\/accommodaties\/lodge-de-letang-5pers-premium\/#primary\" rel=\"noopener\" target=\"_blank\">\n\t\t\t\t<img decoding=\"async\" src=\"https:\/\/www.la-bretonniere.com\/wp-content\/uploads\/2023\/06\/pict_16_7.jpg\" alt=\"Lodge de l&#8217;Etang 5pers (VIP)\" \/>\n\t\t\t<\/a>\n\t\t\t<\/div>\n\n\n\t<div class=\"ls-hebergement__content\">\n\t\t<a href=\"https:\/\/www.la-bretonniere.com\/nl\/accommodaties\/lodge-de-letang-5pers-premium\/#primary\" rel=\"noopener\" target=\"_blank\" class=\"ls-hebergement__link\">\n\t\t\t<div class=\"ls-hebergement__details\">\n\t\t\t\t<div class=\"ls-hebergement__title\">\n\t\t\t\t\tLodge de l&#8217;Etang 5pers (VIP)\t\t\t\t<\/div>\n\n\t\t\t\t<div class=\"ls-hebergement__infos\">\n\t\t\t\t\t\t\t\t\t\t\t<span class=\"ls-hebergement__detail\">32m\u00b2<\/span>\n\t\t\t\t\t\t\t\t\t\t\t\t\t\t\t\t<span class=\"ls-hebergement__detail\">, 1 badkamer<\/span>\n\t\t\t\t\t\t\t\t\t<\/div>\n\n\t\t\t\t<div class=\"ls-hebergement__options\"><span class=\"bretonniere-patte\"><\/span> Huisdieren toegestaan<\/div>\t\t\t<\/div>\n\n\t\t\t\t\t\t\t<div class=\"ls-hebergement__icon\">\n\t\t\t\t\t<i class=\"bretonniere-profile\"><\/i>\n\t\t\t\t\t5\t\t\t\t<\/div>\n\t\t\t\t<\/div>\n\n\t<div class=\"ls-hebergement__disponibilites\">\n\t\tOntdek\t<\/div>\n\t<\/a>\n<\/div><div class=\"ls-hebergement\" data-postid='916' data-id-reservation='19' data-id-site='456' data-id1='79807' data-nombre_de_personnes='4' data-nombre_de_chambres='2' data-last-update='2025-10-31 12:16:14' data-type='location-fr mobil-home-fr' data-options-hebergements='animaux-autorises barbecue chauffage congelateur electricite micro-ondes parking-1-place refrigerateur salle-de-bain television terrasse'>\n\t<div class=\"ls-hebergement__thumb\">\n\t\t\t\t\t<a href=\"https:\/\/www.la-bretonniere.com\/nl\/accommodaties\/mobil-ocean-4pers-confort\/#primary\" rel=\"noopener\" target=\"_blank\">\n\t\t\t\t<img decoding=\"async\" src=\"https:\/\/www.la-bretonniere.com\/wp-content\/uploads\/2024\/06\/pict_19_1.jpg\" alt=\"Mobil Oc\u00e9an 4pers (Confort)\" \/>\n\t\t\t<\/a>\n\t\t\t\t\t<a href=\"https:\/\/www.la-bretonniere.com\/nl\/accommodaties\/mobil-ocean-4pers-confort\/#primary\" rel=\"noopener\" target=\"_blank\">\n\t\t\t\t<img decoding=\"async\" src=\"https:\/\/www.la-bretonniere.com\/wp-content\/uploads\/2024\/06\/pict_19_2.jpg\" alt=\"Mobil Oc\u00e9an 4pers (Confort)\" \/>\n\t\t\t<\/a>\n\t\t\t\t\t<a href=\"https:\/\/www.la-bretonniere.com\/nl\/accommodaties\/mobil-ocean-4pers-confort\/#primary\" rel=\"noopener\" target=\"_blank\">\n\t\t\t\t<img decoding=\"async\" src=\"https:\/\/www.la-bretonniere.com\/wp-content\/uploads\/2023\/06\/pict_19_3.jpg\" alt=\"Mobil Oc\u00e9an 4pers (Confort)\" \/>\n\t\t\t<\/a>\n\t\t\t\t\t<a href=\"https:\/\/www.la-bretonniere.com\/nl\/accommodaties\/mobil-ocean-4pers-confort\/#primary\" rel=\"noopener\" target=\"_blank\">\n\t\t\t\t<img decoding=\"async\" src=\"https:\/\/www.la-bretonniere.com\/wp-content\/uploads\/2023\/06\/pict_19_4.jpg\" alt=\"Mobil Oc\u00e9an 4pers (Confort)\" \/>\n\t\t\t<\/a>\n\t\t\t<\/div>\n\n\n\t<div class=\"ls-hebergement__content\">\n\t\t<a href=\"https:\/\/www.la-bretonniere.com\/nl\/accommodaties\/mobil-ocean-4pers-confort\/#primary\" rel=\"noopener\" target=\"_blank\" class=\"ls-hebergement__link\">\n\t\t\t<div class=\"ls-hebergement__details\">\n\t\t\t\t<div class=\"ls-hebergement__title\">\n\t\t\t\t\tMobil Oc\u00e9an 4pers (Confort)\t\t\t\t<\/div>\n\n\t\t\t\t<div class=\"ls-hebergement__infos\">\n\t\t\t\t\t\t\t\t\t\t\t<span class=\"ls-hebergement__detail\">29m\u00b2<\/span>\n\t\t\t\t\t\t\t\t\t\t\t\t\t\t\t\t<span class=\"ls-hebergement__detail\">, 1 badkamer<\/span>\n\t\t\t\t\t\t\t\t\t<\/div>\n\n\t\t\t\t<div class=\"ls-hebergement__options\"><span class=\"bretonniere-patte\"><\/span> Huisdieren toegestaan<\/div>\t\t\t<\/div>\n\n\t\t\t\t\t\t\t<div class=\"ls-hebergement__icon\">\n\t\t\t\t\t<i class=\"bretonniere-profile\"><\/i>\n\t\t\t\t\t4\t\t\t\t<\/div>\n\t\t\t\t<\/div>\n\n\t<div class=\"ls-hebergement__disponibilites\">\n\t\tOntdek\t<\/div>\n\t<\/a>\n<\/div><\/div><\/div>\n\r\n    <\/div>\r\n<\/section>\n\n<section id=\"ls-section-block_ced812a8b4fee5c2488fc5fb900e1314\" class=\"ls-section  page-texte has-background has-color-4-background-color has-p-t p-t-3 has-p-b p-b-3\" >\r\n        <div class=\"container container--wide\">\r\n        \n\n<div class=\"wp-block-columns is-layout-flex wp-container-core-columns-is-layout-9d6595d7 wp-block-columns-is-layout-flex\">\n<div class=\"wp-block-column is-layout-flow wp-block-column-is-layout-flow\">\n<h2 class=\"ls__heading wp-block-heading\">Al onze huuraccommodaties<\/h2>\n\n\n\n<p class=\"ls-paragraph\">Op <a href=\"https:\/\/www.la-bretonniere.com\/nl\/\">Camping Paradis La Bretonni\u00e8re in de Vend\u00e9e<\/a>, als je niets hebt om op te kamperen of als je de voorkeur geeft aan de gemakkelijke optie, bieden we een breed<strong> scala aan huuraccommodaties<\/strong>, van <strong>20m2 tot 40m2<\/strong>.<\/p>\n\n\n\n<p class=\"ls-paragraph\">Al onze huuraccommodaties in Saint-Julien-des-Landes, behalve de tenten, zijn <strong>uitgerust met verwarming in alle kamers<\/strong>, waardoor ze ideaal zijn voor verhuur buiten het seizoen.<\/p>\n\n\n\n<p class=\"ls-paragraph\">Profiteer van de ruime<strong> keuze aan volledig uitgeruste huuraccommodaties<\/strong> en er is voor elk budget wat wils: er zijn<strong> 4 huuraccommodaties<\/strong> beschikbaar: <strong>Confort, Eden, Premium en Premium+<\/strong>, zodat iedereen een geweldige vakantie heeft.<\/p>\n\n\n\n<p class=\"ls-paragraph\">Aankomst is dagelijks in het laagseizoen en op woensdag\/zaterdag in juli\/augustus, vanaf 16.00 uur en vertrek tot 10.00 uur.<\/p>\n\n\n\n<p class=\"ls-paragraph\">Profiteer van onze <strong>speciale DUO aanbieding<\/strong> voor huuraccommodaties: alle details in de campingbrochure.<\/p>\n\n\n\n<p class=\"ls-paragraph\"><strong>Huisdieren zijn toegestaan<\/strong> in <strong>9 accommodaties<\/strong>, onder bepaalde voorwaarden: raadpleeg de informatiebladen van elke accommodatie en informeer bij de campingbeheerders.<\/p>\n\n\n\n<p class=\"ls-paragraph\"><strong>Voor uw gemak kunt u in de zomer op woensdag en zaterdag aankomen in uw huuraccommodatie, en buiten het seizoen elke dag!<\/strong><\/p>\n\n\n\n<h2 class=\"ls__heading wp-block-heading\">Onze safaritenten: glampingaccommodatie<\/h2>\n\n\n\n<p class=\"ls-paragraph\">Tot slot omvat ons <strong>&#8216;Glamping<\/strong>&#8216; <strong>-aanbod<\/strong> onze<strong> 8 Safari Lodge tenten<\/strong>, die de luxe en het comfort van een volledig ingerichte tent combineren met sanitaire voorzieningen.<\/p>\n<\/div>\n\n\n\n<div class=\"wp-block-column is-vertically-aligned-center is-layout-flow wp-block-column-is-layout-flow\">\n<p class=\"ls-paragraph\">Ervaar de geest van de natuur en kampeer met alle comfort die je nodig hebt.<\/p>\n\n\n\n<h2 class=\"ls__heading wp-block-heading\">Ons aanbod van huurwoningen in Saint-Julien-des-Landes<\/h2>\n\n\n\n<p class=\"ls-paragraph\">Voor je vakantie op La Bretonni\u00e8re laten we het aan jou over om je voordelige huuraccommodatie in de Vend\u00e9e te kiezen (prijsnetwerk).<\/p>\n\n\n\n<p class=\"ls-paragraph\">We bieden <strong>4 soorten huuraccommodaties<\/strong> aan:  <\/p>\n\n\n\n<ul class=\"ls-list wp-block-list\">\n\n<li><strong>Comfort <\/strong>: Eenvoudig, functioneel comfort voor een lage prijs  <\/li>\n\n\n<li><strong>Eden <\/strong>: Aangename sfeer met alle comfort<\/li>\n\n\n<li><strong>Premium<\/strong>: verfijnde inrichting in een ruime, volledig uitgeruste huuraccommodatie<\/li>\n\n\n<li><strong>Premium<\/strong> <strong>+<\/strong>: kwaliteit, design en luxe<\/li>\n\n<\/ul>\n\n\n\n<h2 class=\"ls__heading wp-block-heading\">Glamping in een chalet in de Vend\u00e9e<\/h2>\n\n\n\n<p class=\"ls-paragraph\">U kunt kiezen uit onze<strong> 17 te huren chalets in de Vend\u00e9e<\/strong>,<strong> <\/strong>, verdeeld over 6 families: Chalets du Lac, Chalet Jardin, Chalet Prestiges <sup>(24m2<\/sup>), Chalet Prestiges <sup>(28m2<\/sup>), Chalets Jardin PMR (toegankelijk voor mindervaliden), Lodge de l&#8217;\u00e9tang.<\/p>\n\n\n\n<h2 class=\"ls__heading wp-block-heading\">Onze huurbungalows<\/h2>\n\n\n\n<p class=\"ls-paragraph\">Voor de eenvoudigen bieden we <strong>volledig uitgeruste stacaravans<\/strong>, van <strong>comfort<\/strong> tot <strong>luxe<\/strong>.<br>Of, voor <strong>de meer originele<\/strong> types, hebben we <strong>11 canvas bungalows te huur<\/strong>. Voor degenen die in het hart van de natuur willen verblijven met de &#8220;Camping&#8221; spirit, ontdek onze caravanning kampeerplaatsen (kampeerplaats netwerk).<\/p>\n<\/div>\n<\/div>\n\n\r\n    <\/div>\r\n<\/section>\n\n<section id=\"ls-section-block_ca873ec24a3224472211eb39b56df0b8\" class=\"ls-section  page-four\" >\r\n        <div class=\"container container--wide\">\r\n        \n\n<div id=\"ls-heading ls-titre-div-block_f0cc04995855514488bf75e8677e6011\" class=\"ls-titre-div aligncenter h2-like\" >\n    <strong>Ontdek<\/strong> onze andere accommodatie en activiteiten<\/div>\n\n\n<div id=\"ls-maillage-block_fcfe9c779e8b508dc60cdc8432c23feb\" class=\"ls-maillage cta-style-normal\" data-rows=\"3\">\n    <div class=\"wp-block-columns\"><div class=\"wp-block-column\"><div class=\"ls-cta\">\n\n<a href=\"https:\/\/www.la-bretonniere.com\/nl\/goedkope-camping-saint-julien-des-landes\/\" target=\"\" rel=\"noopener\" class=\"ls-cta__link\">\n\n\t<div class=\"ls-cta__image\"><img decoding=\"async\" src=\"https:\/\/www.la-bretonniere.com\/wp-content\/uploads\/2023\/07\/camping-a-petit-prix-en-vendee.jpg\" alt=\"budget camping in vendee\"><\/div>\t<div class=\"ls-cta__title\">\n\t\t<i class=\"bretonniere-arrow\"><\/i>\n\t\tTarieven\t\t<span>+<\/span>\n\t<\/div>\n\n\t\t\n<\/a><\/div><\/div><div class=\"wp-block-column\"><div class=\"ls-cta\">\n\n<a href=\"https:\/\/www.la-bretonniere.com\/nl\/camping-plaats-verkoop\/\" target=\"\" rel=\"noopener\" class=\"ls-cta__link\">\n\n\t<div class=\"ls-cta__image\"><img decoding=\"async\" src=\"https:\/\/www.la-bretonniere.com\/wp-content\/uploads\/2023\/07\/location-emplacement-camping-la-bretonniere-vendee.jpg\" alt=\"staanplaats verhuur camping la bretonniere vendee\"><\/div>\t<div class=\"ls-cta__title\">\n\t\t<i class=\"bretonniere-arrow\"><\/i>\n\t\tStandplaats\t\t<span>+<\/span>\n\t<\/div>\n\n\t\t\n<\/a><\/div><\/div><div class=\"wp-block-column\"><div class=\"ls-cta\">\n\n<a href=\"https:\/\/www.la-bretonniere.com\/nl\/camping-activiteiten-saint-julien-des-landes\/\" target=\"\" rel=\"noopener\" class=\"ls-cta__link\">\n\n\t<div class=\"ls-cta__image\"><img decoding=\"async\" src=\"https:\/\/www.la-bretonniere.com\/wp-content\/uploads\/2023\/06\/piki-club-camping-paradis-la-bretonniere.webp\" alt=\"Piki Club Camping Paradis La Bretonni\u00e8re\"><\/div>\t<div class=\"ls-cta__title\">\n\t\t<i class=\"bretonniere-arrow\"><\/i>\n\t\tActiviteiten op de camping\t\t<span>+<\/span>\n\t<\/div>\n\n\t\t\n<\/a><\/div><\/div><\/div><\/div>\n\r\n    <\/div>\r\n<\/section>","protected":false},"excerpt":{"rendered":"","protected":false},"author":1,"featured_media":4162,"parent":0,"menu_order":0,"comment_status":"closed","ping_status":"closed","template":"","meta":{"_acf_changed":false,"footnotes":""},"sujet":[],"class_list":["post-4874","page","type-page","status-publish","has-post-thumbnail","hentry"],"acf":[],"yoast_head":"<!-- This site is optimized with the Yoast SEO plugin v25.3 - https:\/\/yoast.com\/wordpress\/plugins\/seo\/ -->\n<title>Mobilhome huren Vend\u00e9e | Comfort &amp; keuze bij La Bretonni\u00e8re<\/title>\n<meta name=\"description\" content=\"Mobilhome huren Vend\u00e9e in Saint-Julien-des-Landes: volledig uitgeruste stacaravans, chalets en glamping voor elk budget.\" \/>\n<meta name=\"robots\" content=\"index, follow, max-snippet:-1, max-image-preview:large, max-video-preview:-1\" \/>\n<link rel=\"canonical\" href=\"https:\/\/www.la-bretonniere.com\/nl\/verhuur-stacaravans-vendee\/\" \/>\n<meta property=\"og:locale\" content=\"nl_NL\" \/>\n<meta property=\"og:type\" content=\"article\" \/>\n<meta property=\"og:title\" content=\"Mobilhome huren Vend\u00e9e | Comfort &amp; keuze bij La Bretonni\u00e8re\" \/>\n<meta property=\"og:description\" content=\"Mobilhome huren Vend\u00e9e in Saint-Julien-des-Landes: volledig uitgeruste stacaravans, chalets en glamping voor elk budget.\" \/>\n<meta property=\"og:url\" content=\"https:\/\/www.la-bretonniere.com\/nl\/verhuur-stacaravans-vendee\/\" \/>\n<meta property=\"og:site_name\" content=\"Camping La Bretonni\u00e8re\" \/>\n<meta property=\"article:modified_time\" content=\"2026-01-05T14:50:29+00:00\" \/>\n<meta property=\"og:image\" content=\"https:\/\/www.la-bretonniere.com\/wp-content\/uploads\/2023\/07\/mobil-home-chalet-a-louer-en-vendee.webp\" \/>\n\t<meta property=\"og:image:width\" content=\"1920\" \/>\n\t<meta property=\"og:image:height\" content=\"450\" \/>\n\t<meta property=\"og:image:type\" content=\"image\/webp\" \/>\n<meta name=\"twitter:card\" content=\"summary_large_image\" \/>\n<meta name=\"twitter:label1\" content=\"Geschatte leestijd\" \/>\n\t<meta name=\"twitter:data1\" content=\"3 minuten\" \/>\n<script type=\"application\/ld+json\" class=\"yoast-schema-graph\">{\"@context\":\"https:\/\/schema.org\",\"@graph\":[{\"@type\":\"WebPage\",\"@id\":\"https:\/\/www.la-bretonniere.com\/nl\/verhuur-stacaravans-vendee\/\",\"url\":\"https:\/\/www.la-bretonniere.com\/nl\/verhuur-stacaravans-vendee\/\",\"name\":\"Mobilhome huren Vend\u00e9e | Comfort & keuze bij La Bretonni\u00e8re\",\"isPartOf\":{\"@id\":\"https:\/\/www.la-bretonniere.com\/nl\/#website\"},\"primaryImageOfPage\":{\"@id\":\"https:\/\/www.la-bretonniere.com\/nl\/verhuur-stacaravans-vendee\/#primaryimage\"},\"image\":{\"@id\":\"https:\/\/www.la-bretonniere.com\/nl\/verhuur-stacaravans-vendee\/#primaryimage\"},\"thumbnailUrl\":\"https:\/\/www.la-bretonniere.com\/wp-content\/uploads\/2023\/07\/mobil-home-chalet-a-louer-en-vendee.webp\",\"datePublished\":\"2023-08-24T12:30:42+00:00\",\"dateModified\":\"2026-01-05T14:50:29+00:00\",\"description\":\"Mobilhome huren Vend\u00e9e in Saint-Julien-des-Landes: volledig uitgeruste stacaravans, chalets en glamping voor elk budget.\",\"breadcrumb\":{\"@id\":\"https:\/\/www.la-bretonniere.com\/nl\/verhuur-stacaravans-vendee\/#breadcrumb\"},\"inLanguage\":\"nl-NL\",\"potentialAction\":[{\"@type\":\"ReadAction\",\"target\":[\"https:\/\/www.la-bretonniere.com\/nl\/verhuur-stacaravans-vendee\/\"]}]},{\"@type\":\"ImageObject\",\"inLanguage\":\"nl-NL\",\"@id\":\"https:\/\/www.la-bretonniere.com\/nl\/verhuur-stacaravans-vendee\/#primaryimage\",\"url\":\"https:\/\/www.la-bretonniere.com\/wp-content\/uploads\/2023\/07\/mobil-home-chalet-a-louer-en-vendee.webp\",\"contentUrl\":\"https:\/\/www.la-bretonniere.com\/wp-content\/uploads\/2023\/07\/mobil-home-chalet-a-louer-en-vendee.webp\",\"width\":1920,\"height\":450,\"caption\":\"stacaravan chalet te huur in vendee\"},{\"@type\":\"BreadcrumbList\",\"@id\":\"https:\/\/www.la-bretonniere.com\/nl\/verhuur-stacaravans-vendee\/#breadcrumb\",\"itemListElement\":[{\"@type\":\"ListItem\",\"position\":1,\"name\":\"Camping Vend\u00e9e\",\"item\":\"https:\/\/www.la-bretonniere.com\/nl\/\"},{\"@type\":\"ListItem\",\"position\":2,\"name\":\"Verhuur van stacaravans in Vend\u00e9e\"}]},{\"@type\":\"WebSite\",\"@id\":\"https:\/\/www.la-bretonniere.com\/nl\/#website\",\"url\":\"https:\/\/www.la-bretonniere.com\/nl\/\",\"name\":\"Camping La Bretonni\u00e8re\",\"description\":\"\",\"publisher\":{\"@id\":\"https:\/\/www.la-bretonniere.com\/nl\/#organization\"},\"potentialAction\":[{\"@type\":\"SearchAction\",\"target\":{\"@type\":\"EntryPoint\",\"urlTemplate\":\"https:\/\/www.la-bretonniere.com\/nl\/?s={search_term_string}\"},\"query-input\":{\"@type\":\"PropertyValueSpecification\",\"valueRequired\":true,\"valueName\":\"search_term_string\"}}],\"inLanguage\":\"nl-NL\"},{\"@type\":\"Organization\",\"@id\":\"https:\/\/www.la-bretonniere.com\/nl\/#organization\",\"name\":\"Camping La Bretonni\u00e8re\",\"url\":\"https:\/\/www.la-bretonniere.com\/nl\/\",\"logo\":{\"@type\":\"ImageObject\",\"inLanguage\":\"nl-NL\",\"@id\":\"https:\/\/www.la-bretonniere.com\/nl\/#\/schema\/logo\/image\/\",\"url\":\"https:\/\/www.la-bretonniere.com\/wp-content\/uploads\/2023\/06\/cropped-logo-camping-paradis-la-bretonniere.webp\",\"contentUrl\":\"https:\/\/www.la-bretonniere.com\/wp-content\/uploads\/2023\/06\/cropped-logo-camping-paradis-la-bretonniere.webp\",\"width\":700,\"height\":450,\"caption\":\"Camping La Bretonni\u00e8re\"},\"image\":{\"@id\":\"https:\/\/www.la-bretonniere.com\/nl\/#\/schema\/logo\/image\/\"}}]}<\/script>\n<!-- \/ Yoast SEO plugin. -->","yoast_head_json":{"title":"Mobilhome huren Vend\u00e9e | Comfort & keuze bij La Bretonni\u00e8re","description":"Mobilhome huren Vend\u00e9e in Saint-Julien-des-Landes: volledig uitgeruste stacaravans, chalets en glamping voor elk budget.","robots":{"index":"index","follow":"follow","max-snippet":"max-snippet:-1","max-image-preview":"max-image-preview:large","max-video-preview":"max-video-preview:-1"},"canonical":"https:\/\/www.la-bretonniere.com\/nl\/verhuur-stacaravans-vendee\/","og_locale":"nl_NL","og_type":"article","og_title":"Mobilhome huren Vend\u00e9e | Comfort & keuze bij La Bretonni\u00e8re","og_description":"Mobilhome huren Vend\u00e9e in Saint-Julien-des-Landes: volledig uitgeruste stacaravans, chalets en glamping voor elk budget.","og_url":"https:\/\/www.la-bretonniere.com\/nl\/verhuur-stacaravans-vendee\/","og_site_name":"Camping La Bretonni\u00e8re","article_modified_time":"2026-01-05T14:50:29+00:00","og_image":[{"width":1920,"height":450,"url":"https:\/\/www.la-bretonniere.com\/wp-content\/uploads\/2023\/07\/mobil-home-chalet-a-louer-en-vendee.webp","type":"image\/webp"}],"twitter_card":"summary_large_image","twitter_misc":{"Geschatte leestijd":"3 minuten"},"schema":{"@context":"https:\/\/schema.org","@graph":[{"@type":"WebPage","@id":"https:\/\/www.la-bretonniere.com\/nl\/verhuur-stacaravans-vendee\/","url":"https:\/\/www.la-bretonniere.com\/nl\/verhuur-stacaravans-vendee\/","name":"Mobilhome huren Vend\u00e9e | Comfort & keuze bij La Bretonni\u00e8re","isPartOf":{"@id":"https:\/\/www.la-bretonniere.com\/nl\/#website"},"primaryImageOfPage":{"@id":"https:\/\/www.la-bretonniere.com\/nl\/verhuur-stacaravans-vendee\/#primaryimage"},"image":{"@id":"https:\/\/www.la-bretonniere.com\/nl\/verhuur-stacaravans-vendee\/#primaryimage"},"thumbnailUrl":"https:\/\/www.la-bretonniere.com\/wp-content\/uploads\/2023\/07\/mobil-home-chalet-a-louer-en-vendee.webp","datePublished":"2023-08-24T12:30:42+00:00","dateModified":"2026-01-05T14:50:29+00:00","description":"Mobilhome huren Vend\u00e9e in Saint-Julien-des-Landes: volledig uitgeruste stacaravans, chalets en glamping voor elk budget.","breadcrumb":{"@id":"https:\/\/www.la-bretonniere.com\/nl\/verhuur-stacaravans-vendee\/#breadcrumb"},"inLanguage":"nl-NL","potentialAction":[{"@type":"ReadAction","target":["https:\/\/www.la-bretonniere.com\/nl\/verhuur-stacaravans-vendee\/"]}]},{"@type":"ImageObject","inLanguage":"nl-NL","@id":"https:\/\/www.la-bretonniere.com\/nl\/verhuur-stacaravans-vendee\/#primaryimage","url":"https:\/\/www.la-bretonniere.com\/wp-content\/uploads\/2023\/07\/mobil-home-chalet-a-louer-en-vendee.webp","contentUrl":"https:\/\/www.la-bretonniere.com\/wp-content\/uploads\/2023\/07\/mobil-home-chalet-a-louer-en-vendee.webp","width":1920,"height":450,"caption":"stacaravan chalet te huur in vendee"},{"@type":"BreadcrumbList","@id":"https:\/\/www.la-bretonniere.com\/nl\/verhuur-stacaravans-vendee\/#breadcrumb","itemListElement":[{"@type":"ListItem","position":1,"name":"Camping Vend\u00e9e","item":"https:\/\/www.la-bretonniere.com\/nl\/"},{"@type":"ListItem","position":2,"name":"Verhuur van stacaravans in Vend\u00e9e"}]},{"@type":"WebSite","@id":"https:\/\/www.la-bretonniere.com\/nl\/#website","url":"https:\/\/www.la-bretonniere.com\/nl\/","name":"Camping La Bretonni\u00e8re","description":"","publisher":{"@id":"https:\/\/www.la-bretonniere.com\/nl\/#organization"},"potentialAction":[{"@type":"SearchAction","target":{"@type":"EntryPoint","urlTemplate":"https:\/\/www.la-bretonniere.com\/nl\/?s={search_term_string}"},"query-input":{"@type":"PropertyValueSpecification","valueRequired":true,"valueName":"search_term_string"}}],"inLanguage":"nl-NL"},{"@type":"Organization","@id":"https:\/\/www.la-bretonniere.com\/nl\/#organization","name":"Camping La Bretonni\u00e8re","url":"https:\/\/www.la-bretonniere.com\/nl\/","logo":{"@type":"ImageObject","inLanguage":"nl-NL","@id":"https:\/\/www.la-bretonniere.com\/nl\/#\/schema\/logo\/image\/","url":"https:\/\/www.la-bretonniere.com\/wp-content\/uploads\/2023\/06\/cropped-logo-camping-paradis-la-bretonniere.webp","contentUrl":"https:\/\/www.la-bretonniere.com\/wp-content\/uploads\/2023\/06\/cropped-logo-camping-paradis-la-bretonniere.webp","width":700,"height":450,"caption":"Camping La Bretonni\u00e8re"},"image":{"@id":"https:\/\/www.la-bretonniere.com\/nl\/#\/schema\/logo\/image\/"}}]}},"_links":{"self":[{"href":"https:\/\/www.la-bretonniere.com\/nl\/wp-json\/wp\/v2\/pages\/4874","targetHints":{"allow":["GET"]}}],"collection":[{"href":"https:\/\/www.la-bretonniere.com\/nl\/wp-json\/wp\/v2\/pages"}],"about":[{"href":"https:\/\/www.la-bretonniere.com\/nl\/wp-json\/wp\/v2\/types\/page"}],"author":[{"embeddable":true,"href":"https:\/\/www.la-bretonniere.com\/nl\/wp-json\/wp\/v2\/users\/1"}],"replies":[{"embeddable":true,"href":"https:\/\/www.la-bretonniere.com\/nl\/wp-json\/wp\/v2\/comments?post=4874"}],"version-history":[{"count":3,"href":"https:\/\/www.la-bretonniere.com\/nl\/wp-json\/wp\/v2\/pages\/4874\/revisions"}],"predecessor-version":[{"id":7489,"href":"https:\/\/www.la-bretonniere.com\/nl\/wp-json\/wp\/v2\/pages\/4874\/revisions\/7489"}],"wp:featuredmedia":[{"embeddable":true,"href":"https:\/\/www.la-bretonniere.com\/nl\/wp-json\/wp\/v2\/media\/4162"}],"wp:attachment":[{"href":"https:\/\/www.la-bretonniere.com\/nl\/wp-json\/wp\/v2\/media?parent=4874"}],"wp:term":[{"taxonomy":"sujet","embeddable":true,"href":"https:\/\/www.la-bretonniere.com\/nl\/wp-json\/wp\/v2\/sujet?post=4874"}],"curies":[{"name":"wp","href":"https:\/\/api.w.org\/{rel}","templated":true}]}}